{"id":7350,"date":"2017-03-31T16:38:25","date_gmt":"2017-03-31T14:38:25","guid":{"rendered":"http:\/\/www.cklcomunicaciones.es\/?page_id=7350"},"modified":"2024-02-05T16:22:53","modified_gmt":"2024-02-05T15:22:53","slug":"rse","status":"publish","type":"page","link":"https:\/\/cklcomunicaciones.es\/coop\/rse\/","title":{"rendered":"Responsabilidad Social Empresarial"},"content":{"rendered":"<p><div class=\"fusion-fullwidth fullwidth-box fusion-builder-row-1 fusion-flex-container nonhundred-percent-fullwidth non-hundred-percent-height-scrolling\" style=\"--awb-border-radius-top-left:0px;--awb-border-radius-top-right:0px;--awb-border-radius-bottom-right:0px;--awb-border-radius-bottom-left:0px;--awb-flex-wrap:wrap;\" ><div class=\"fusion-builder-row fusion-row fusion-flex-align-items-flex-start fusion-flex-content-wrap\" style=\"max-width:1248px;margin-left: calc(-4% \/ 2 );margin-right: calc(-4% \/ 2 );\"><div class=\"fusion-layout-column fusion_builder_column fusion-builder-column-0 fusion_builder_column_1_1 1_1 fusion-flex-column\" style=\"--awb-bg-blend:overlay;--awb-bg-size:cover;--awb-width-large:100%;--awb-margin-top-large:0px;--awb-spacing-right-large:1.92%;--awb-margin-bottom-large:0px;--awb-spacing-left-large:1.92%;--awb-width-medium:100%;--awb-spacing-right-medium:1.92%;--awb-spacing-left-medium:1.92%;--awb-width-small:100%;--awb-spacing-right-small:1.92%;--awb-spacing-left-small:1.92%;\"><div class=\"fusion-column-wrapper fusion-flex-justify-content-flex-start fusion-content-layout-column\"><div class=\"fusion-text fusion-text-1\"><div id=\"pl-7350\" class=\"panel-layout\">\n<div id=\"pg-7350-0\" class=\"panel-grid panel-no-style\" data-style=\"{\">\n<div id=\"pgc-7350-0-0\" class=\"panel-grid-cell\" data-style=\"{\" data-weight=\"1\">\n<div id=\"panel-7350-0-0-0\" class=\"so-panel widget widget_sow-editor panel-first-child\" data-index=\"0\" data-style=\"{\">\n<div class=\"so-widget-sow-editor so-widget-sow-editor-base\">\n<div class=\"siteorigin-widget-tinymce textwidget\">\n<p class=\"p1\"><span style=\"color: #ff0000;\"><a style=\"color: #ff0000;\" href=\"https:\/\/cklcomunicaciones.es\/coop\/\"><span class=\"s2\">CKL Comunicaciones Coop<\/span><\/a><\/span><span class=\"s1\">\u00a0somos una empresa de econom\u00eda social que se esfuerza por revertir parte de sus beneficios y del talento de su equipo humano a la sociedad a trav\u00e9s de\u00a0iniciativas empresariales y sociales con perspectiva de g\u00e9nero. La\u00a0responsabilidad social empresarial forma parte del ADN de las cooperativas de trabajo y en CKL Comunicaciones Coop reforzamos a\u00fan m\u00e1s esta m\u00e1xima de filosof\u00eda empresarial\u00a0por convencimiento de sus socias.<\/span><\/p>\n<p class=\"p1\"><span class=\"s1\">CKL Comunicaciones Coop realiza su <\/span><span class=\"s2\" style=\"color: #ff0000;\">Memoria anual RSE <\/span><span class=\"s1\">desde 2009. En este documento se recoge el compromiso con nuestro entorno y los cauces de participaci\u00f3n creados para relacionarnos con nuestros grupos de inter\u00e9s y con entidades, instituciones y organizaciones no gubernamentales. Adem\u00e1s, nuestro compromiso empresarial lo aplicamos mediante\u00a0un <span class=\"s2\" style=\"color: #ff0000;\">Protocolo<\/span> de\u00a0contrataci\u00f3n de empresas proveedoras y de colaboraciones que prioriza a las empresas de econom\u00eda social, a las empresarias,\u00a0la fijaci\u00f3n de riqueza y empleo al territorio, el pensamiento global desde una perspectiva inclusiva y propia, la innovaci\u00f3n y las buenas pr\u00e1cticas, la solvencia y la transparencia.\u00a0<\/span><\/p>\n<p class=\"p1\"><span class=\"s1\">Desde 2011, CKL Comunicaciones Coop cuenta con la distinci\u00f3n de <\/span><span class=\"s2\" style=\"color: #ff0000;\">Empresa Corresponsable <\/span><span class=\"s1\">por la Sociedad\u2013Fundaci\u00f3n <span style=\"color: #ff0000;\"><a style=\"color: #ff0000;\" href=\"http:\/\/www.corresponsables.com\/\" target=\"_blank\" rel=\"noopener noreferrer\">Corresponsables<\/a><\/span>, por ser una de las primeras 80 empresas \u00abCorresponsables\u00bb del Estado Espa\u00f1ol. Sus \u00e1reas de actuaci\u00f3n principales en RSE son acci\u00f3n en materia de igualdad de g\u00e9nero, medio ambiente, participaci\u00f3n social y acci\u00f3n social:<\/span><\/p>\n<\/div>\n<\/div>\n<\/div>\n<\/div>\n<\/div>\n<div id=\"pg-7350-1\" class=\"panel-grid panel-no-style\" data-style=\"{\">\n<div id=\"pgc-7350-1-2\" class=\"panel-grid-cell panel-grid-cell-empty\" data-weight=\"0.1\"><\/div>\n<\/div>\n<\/div>\n<\/div><\/div><\/div><\/div><\/div><div class=\"fusion-fullwidth fullwidth-box fusion-builder-row-2 fusion-flex-container has-pattern-background has-mask-background nonhundred-percent-fullwidth non-hundred-percent-height-scrolling\" style=\"--awb-border-radius-top-left:0px;--awb-border-radius-top-right:0px;--awb-border-radius-bottom-right:0px;--awb-border-radius-bottom-left:0px;--awb-flex-wrap:wrap;\" ><div class=\"fusion-builder-row fusion-row fusion-flex-align-items-flex-start fusion-flex-content-wrap\" style=\"max-width:1248px;margin-left: calc(-4% \/ 2 );margin-right: calc(-4% \/ 2 );\"><div class=\"fusion-layout-column fusion_builder_column fusion-builder-column-1 fusion_builder_column_1_1 1_1 fusion-flex-column\" style=\"--awb-bg-size:cover;--awb-width-large:100%;--awb-margin-top-large:0px;--awb-spacing-right-large:1.92%;--awb-margin-bottom-large:20px;--awb-spacing-left-large:1.92%;--awb-width-medium:100%;--awb-order-medium:0;--awb-spacing-right-medium:1.92%;--awb-spacing-left-medium:1.92%;--awb-width-small:100%;--awb-order-small:0;--awb-spacing-right-small:1.92%;--awb-spacing-left-small:1.92%;\"><div class=\"fusion-column-wrapper fusion-column-has-shadow fusion-flex-justify-content-flex-start fusion-content-layout-column\"><div class=\"accordian fusion-accordian\" style=\"--awb-border-size:1px;--awb-icon-size:14px;--awb-content-font-size:var(--awb-typography4-font-size);--awb-icon-alignment:right;--awb-hover-color:var(--awb-color2);--awb-border-color:var(--awb-color3);--awb-background-color:var(--awb-color1);--awb-divider-color:var(--awb-color5);--awb-divider-hover-color:var(--awb-color3);--awb-icon-color:var(--awb-color1);--awb-title-color:var(--awb-color8);--awb-content-color:var(--awb-color8);--awb-icon-box-color:var(--awb-color5);--awb-toggle-hover-accent-color:var(--awb-color5);--awb-title-font-family:var(--awb-typography1-font-family);--awb-title-font-weight:var(--awb-typography1-font-weight);--awb-title-font-style:var(--awb-typography1-font-style);--awb-title-font-size:24px;--awb-content-font-family:var(--awb-typography4-font-family);--awb-content-font-weight:var(--awb-typography4-font-weight);--awb-content-font-style:var(--awb-typography4-font-style);\"><div class=\"panel-group fusion-toggle-icon-right fusion-toggle-icon-boxed\" id=\"accordion-7350-1\"><div class=\"fusion-panel panel-default panel-565430f964278d67d fusion-toggle-has-divider\" style=\"--awb-title-color:var(--awb-color8);--awb-content-color:var(--awb-color8);\"><div class=\"panel-heading\"><h3 class=\"panel-title toggle\" id=\"toggle_565430f964278d67d\"><a aria-expanded=\"false\" aria-controls=\"565430f964278d67d\" role=\"button\" data-toggle=\"collapse\" data-parent=\"#accordion-7350-1\" data-target=\"#565430f964278d67d\" href=\"#565430f964278d67d\"><span class=\"fusion-toggle-icon-wrapper\" aria-hidden=\"true\"><i class=\"fa-fusion-box active-icon awb-icon-minus\" aria-hidden=\"true\"><\/i><i class=\"fa-fusion-box inactive-icon awb-icon-plus\" aria-hidden=\"true\"><\/i><\/span><span class=\"fusion-toggle-heading\">IGUALDAD<\/span><\/a><\/h3><\/div><div id=\"565430f964278d67d\" class=\"panel-collapse collapse \" aria-labelledby=\"toggle_565430f964278d67d\"><div class=\"panel-body toggle-content fusion-clearfix\">\n<p>CKL Comunicaciones Coop desarrolla medidas destinadas a lograr la\u00a0<span class=\"s2\">igualdad de oportunidades\u00a0<\/span><span class=\"s1\">y para ello cuenta con el compromiso y participaci\u00f3n de las personas que componen la cooperativa. Desde sus inicios, siempre ha contado con medidas orientadas hacia el logro de la igualdad de oportunidades real, efectiva y constante en el tiempo, como un plan de conciliaci\u00f3n de la vida laboral y personal, formaci\u00f3n interna y acciones positivas.\u00a0 Adem\u00e1s cuenta con un plan de igualdad en consonancia con el Reglamento de R\u00e9gimen Interno de la cooperativa.<\/span><\/p>\n<p class=\"p1\"><span class=\"s1\">CKL Comunicaciones Coop asegura la\u00a0<\/span><span class=\"s2\">inclusi\u00f3n de la perspectiva de g\u00e9nero\u00a0<\/span><span class=\"s1\">en todos los proyectos que realiza, realizando un tratamiento exhaustivo del estilo inclusivo, de lenguaje e im\u00e1genes no sexistas, a trav\u00e9s de la sensibilizaci\u00f3n y formaci\u00f3n de la plantilla, las personas colaboradoras, las empresas proveedoras y la clientela as\u00ed como mediante\u00a0controles de calidad f\u00e9rreos en todos los aspectos.<\/span><\/p>\n<\/div><\/div><\/div><div class=\"fusion-panel panel-default panel-b27028961b5380ff9 fusion-toggle-has-divider\" style=\"--awb-title-color:var(--awb-color8);--awb-content-color:var(--awb-color8);\"><div class=\"panel-heading\"><h3 class=\"panel-title toggle\" id=\"toggle_b27028961b5380ff9\"><a aria-expanded=\"false\" aria-controls=\"b27028961b5380ff9\" role=\"button\" data-toggle=\"collapse\" data-parent=\"#accordion-7350-1\" data-target=\"#b27028961b5380ff9\" href=\"#b27028961b5380ff9\"><span class=\"fusion-toggle-icon-wrapper\" aria-hidden=\"true\"><i class=\"fa-fusion-box active-icon awb-icon-minus\" aria-hidden=\"true\"><\/i><i class=\"fa-fusion-box inactive-icon awb-icon-plus\" aria-hidden=\"true\"><\/i><\/span><span class=\"fusion-toggle-heading\">MEDIO AMBIENTE<\/span><\/a><\/h3><\/div><div id=\"b27028961b5380ff9\" class=\"panel-collapse collapse \" aria-labelledby=\"toggle_b27028961b5380ff9\"><div class=\"panel-body toggle-content fusion-clearfix\">\n<p><span class=\"s1\">Conscientes del impacto ambiental que produce la actividad que desarrolla, CKL Comunicaciones Coop contin\u00faa implantando progresivamente medidas con el objetivo de aunar el crecimiento empresarial con la\u00a0<\/span><span class=\"s2\">minimizaci\u00f3n de la huella ambiental<\/span><span class=\"s1\">.<\/span><\/p>\n<p class=\"p1\"><span class=\"s1\">Desde 2012 participa en el Proyecto Life+ Ecoedici\u00f3n de la Consejer\u00eda de Agricultura, Pesca y Medio Rural de la Junta de<span class=\"Apple-converted-space\">\u00a0\u00a0<\/span>Andaluc\u00eda, aplicando\u00a0<\/span><span class=\"s2\">criterios de Ecoedici\u00f3n\u00a0<\/span><span class=\"s1\">en los trabajos que realiza en cualquier parte del mundo.<\/span><\/p>\n<\/div><\/div><\/div><div class=\"fusion-panel panel-default panel-de435e613759f838b fusion-toggle-has-divider\" style=\"--awb-title-color:var(--awb-color8);--awb-content-color:var(--awb-color8);\"><div class=\"panel-heading\"><h3 class=\"panel-title toggle\" id=\"toggle_de435e613759f838b\"><a aria-expanded=\"false\" aria-controls=\"de435e613759f838b\" role=\"button\" data-toggle=\"collapse\" data-parent=\"#accordion-7350-1\" data-target=\"#de435e613759f838b\" href=\"#de435e613759f838b\"><span class=\"fusion-toggle-icon-wrapper\" aria-hidden=\"true\"><i class=\"fa-fusion-box active-icon awb-icon-minus\" aria-hidden=\"true\"><\/i><i class=\"fa-fusion-box inactive-icon awb-icon-plus\" aria-hidden=\"true\"><\/i><\/span><span class=\"fusion-toggle-heading\">PARTICIPACI\u00d3N SOCIAL<\/span><\/a><\/h3><\/div><div id=\"de435e613759f838b\" class=\"panel-collapse collapse \" aria-labelledby=\"toggle_de435e613759f838b\"><div class=\"panel-body toggle-content fusion-clearfix\">\n<p><span class=\"s1\">CKL Comunicaciones Coop realiza\u00a0<\/span><span class=\"s2\"><a href=\"http:\/\/www.cklcomunicaciones.es\/newsletter\/\">Noticias Info CKL<\/a><\/span><span class=\"s1\">, newsletter\u00a0informativa digital, diaria y de distribuci\u00f3n gratuita, sobre comunicaci\u00f3n y g\u00e9nero. Es una iniciativa de RSE de CKL Comunicaciones Coop en l\u00ednea con nuestro compromiso por la visibilidad de las mujeres y sus destacadas aportaciones en el mundo de la comunicaci\u00f3n, la publicidad y las tecnolog\u00edas de la informaci\u00f3n y la comunicaci\u00f3n, y en los \u00e1mbitos de la sociedad, la pol\u00edtica, la ciencia, la cultura o el deporte.<\/span><\/p>\n<p class=\"p1\"><span class=\"s1\">Desde 2008, las personas que componen la empresa aportan trabajo y conocimiento, horas de trabajo en definitiva, que revierte en una herramienta informativa<span class=\"Apple-converted-space\">\u00a0\u00a0<\/span>din\u00e1mica reconocida por sus lectoras y lectores. Llega a 8.000 personas usuarias diarias y ya ha superado los 1.900 n\u00fameros.<\/span><\/p>\n<\/div><\/div><\/div><div class=\"fusion-panel panel-default panel-6e4e27f4771e4d811 fusion-toggle-has-divider\" style=\"--awb-title-color:var(--awb-color8);--awb-content-color:var(--awb-color8);\"><div class=\"panel-heading\"><h3 class=\"panel-title toggle\" id=\"toggle_6e4e27f4771e4d811\"><a aria-expanded=\"false\" aria-controls=\"6e4e27f4771e4d811\" role=\"button\" data-toggle=\"collapse\" data-parent=\"#accordion-7350-1\" data-target=\"#6e4e27f4771e4d811\" href=\"#6e4e27f4771e4d811\"><span class=\"fusion-toggle-icon-wrapper\" aria-hidden=\"true\"><i class=\"fa-fusion-box active-icon awb-icon-minus\" aria-hidden=\"true\"><\/i><i class=\"fa-fusion-box inactive-icon awb-icon-plus\" aria-hidden=\"true\"><\/i><\/span><span class=\"fusion-toggle-heading\">ACCI\u00d3N SOCIAL<\/span><\/a><\/h3><\/div><div id=\"6e4e27f4771e4d811\" class=\"panel-collapse collapse \" aria-labelledby=\"toggle_6e4e27f4771e4d811\"><div class=\"panel-body toggle-content fusion-clearfix\">\n<div class=\"ninecol last\">\n<p>CKL Comunicaciones Coop\u00a0cuanta con un banco de horas disponible para que su plantilla pueda invertirlas en aquellas acciones sociales con perspectiva de g\u00e9nero que sean de su inter\u00e9s, dentro de los objetivos de responsabilidad social empresarial marcados en la cooperativa. La implicaci\u00f3n con la igualdad real de oportunidades entre mujeres y hombres en todos los campos se ha hecho patente a trav\u00e9s de la colaboraci\u00f3n desinteresada en proyectos de consultor\u00eda estrat\u00e9gica, de asesoramiento, de dise\u00f1o, de documentaci\u00f3n y de comunicaci\u00f3n implementados para\u00a0asociaciones empresariales, oeneg\u00e9s, fundaciones, asociacionismo de mujeres, asociaciones de periodistas, voluntariado cultural, social y medioambiental, etc\u00e9tera.<\/p>\n<\/div>\n<div class=\"clear\"><\/div>\n<\/div><\/div><\/div><\/div><\/div><\/div><\/div><\/div><\/div><\/p>\n","protected":false},"excerpt":{"rendered":"","protected":false},"author":3,"featured_media":0,"parent":0,"menu_order":43,"comment_status":"closed","ping_status":"closed","template":"","meta":{"footnotes":""},"class_list":["post-7350","page","type-page","status-publish","hentry"],"yoast_head":"<!-- This site is optimized with the Yoast SEO plugin v27.5 - https:\/\/yoast.com\/product\/yoast-seo-wordpress\/ -->\n<title>Responsabilidad Social Empresarial - CKL Comunicaciones<\/title>\n<meta name=\"robots\" content=\"index, follow, max-snippet:-1, max-image-preview:large, max-video-preview:-1\" \/>\n<link rel=\"canonical\" href=\"https:\/\/cklcomunicaciones.es\/coop\/rse\/\" \/>\n<meta property=\"og:locale\" content=\"es_ES\" \/>\n<meta property=\"og:type\" content=\"article\" \/>\n<meta property=\"og:title\" content=\"Responsabilidad Social Empresarial - CKL Comunicaciones\" \/>\n<meta property=\"og:url\" content=\"https:\/\/cklcomunicaciones.es\/coop\/rse\/\" \/>\n<meta property=\"og:site_name\" content=\"CKL Comunicaciones\" \/>\n<meta property=\"article:modified_time\" content=\"2024-02-05T15:22:53+00:00\" \/>\n<meta property=\"og:image\" content=\"https:\/\/cklcomunicaciones.es\/coop\/wp-content\/uploads\/2021\/04\/CKL-MiradaDistinta-newsletter2021_1200-x-675.jpg\" \/>\n\t<meta property=\"og:image:width\" content=\"1200\" \/>\n\t<meta property=\"og:image:height\" content=\"676\" \/>\n\t<meta property=\"og:image:type\" content=\"image\/jpeg\" \/>\n<meta name=\"twitter:card\" content=\"summary_large_image\" \/>\n<meta name=\"twitter:label1\" content=\"Tiempo de lectura\" \/>\n\t<meta name=\"twitter:data1\" content=\"4 minutos\" \/>\n<script type=\"application\/ld+json\" class=\"yoast-schema-graph\">{\"@context\":\"https:\\\/\\\/schema.org\",\"@graph\":[{\"@type\":\"WebPage\",\"@id\":\"https:\\\/\\\/cklcomunicaciones.es\\\/coop\\\/rse\\\/\",\"url\":\"https:\\\/\\\/cklcomunicaciones.es\\\/coop\\\/rse\\\/\",\"name\":\"Responsabilidad Social Empresarial - CKL Comunicaciones\",\"isPartOf\":{\"@id\":\"https:\\\/\\\/cklcomunicaciones.es\\\/coop\\\/#website\"},\"datePublished\":\"2017-03-31T14:38:25+00:00\",\"dateModified\":\"2024-02-05T15:22:53+00:00\",\"breadcrumb\":{\"@id\":\"https:\\\/\\\/cklcomunicaciones.es\\\/coop\\\/rse\\\/#breadcrumb\"},\"inLanguage\":\"es\",\"potentialAction\":[{\"@type\":\"ReadAction\",\"target\":[\"https:\\\/\\\/cklcomunicaciones.es\\\/coop\\\/rse\\\/\"]}]},{\"@type\":\"BreadcrumbList\",\"@id\":\"https:\\\/\\\/cklcomunicaciones.es\\\/coop\\\/rse\\\/#breadcrumb\",\"itemListElement\":[{\"@type\":\"ListItem\",\"position\":1,\"name\":\"Portada\",\"item\":\"https:\\\/\\\/cklcomunicaciones.es\\\/coop\\\/\"},{\"@type\":\"ListItem\",\"position\":2,\"name\":\"Responsabilidad Social Empresarial\"}]},{\"@type\":\"WebSite\",\"@id\":\"https:\\\/\\\/cklcomunicaciones.es\\\/coop\\\/#website\",\"url\":\"https:\\\/\\\/cklcomunicaciones.es\\\/coop\\\/\",\"name\":\"CKL Comunicaciones\",\"description\":\"Sitio web de CKL Comunicaciones coop , la consultora de comunicaci\u00f3n y estrategia\",\"potentialAction\":[{\"@type\":\"SearchAction\",\"target\":{\"@type\":\"EntryPoint\",\"urlTemplate\":\"https:\\\/\\\/cklcomunicaciones.es\\\/coop\\\/?s={search_term_string}\"},\"query-input\":{\"@type\":\"PropertyValueSpecification\",\"valueRequired\":true,\"valueName\":\"search_term_string\"}}],\"inLanguage\":\"es\"}]}<\/script>\n<!-- \/ Yoast SEO plugin. -->","yoast_head_json":{"title":"Responsabilidad Social Empresarial - CKL Comunicaciones","robots":{"index":"index","follow":"follow","max-snippet":"max-snippet:-1","max-image-preview":"max-image-preview:large","max-video-preview":"max-video-preview:-1"},"canonical":"https:\/\/cklcomunicaciones.es\/coop\/rse\/","og_locale":"es_ES","og_type":"article","og_title":"Responsabilidad Social Empresarial - CKL Comunicaciones","og_url":"https:\/\/cklcomunicaciones.es\/coop\/rse\/","og_site_name":"CKL Comunicaciones","article_modified_time":"2024-02-05T15:22:53+00:00","og_image":[{"width":1200,"height":676,"url":"https:\/\/cklcomunicaciones.es\/coop\/wp-content\/uploads\/2021\/04\/CKL-MiradaDistinta-newsletter2021_1200-x-675.jpg","type":"image\/jpeg"}],"twitter_card":"summary_large_image","twitter_misc":{"Tiempo de lectura":"4 minutos"},"schema":{"@context":"https:\/\/schema.org","@graph":[{"@type":"WebPage","@id":"https:\/\/cklcomunicaciones.es\/coop\/rse\/","url":"https:\/\/cklcomunicaciones.es\/coop\/rse\/","name":"Responsabilidad Social Empresarial - CKL Comunicaciones","isPartOf":{"@id":"https:\/\/cklcomunicaciones.es\/coop\/#website"},"datePublished":"2017-03-31T14:38:25+00:00","dateModified":"2024-02-05T15:22:53+00:00","breadcrumb":{"@id":"https:\/\/cklcomunicaciones.es\/coop\/rse\/#breadcrumb"},"inLanguage":"es","potentialAction":[{"@type":"ReadAction","target":["https:\/\/cklcomunicaciones.es\/coop\/rse\/"]}]},{"@type":"BreadcrumbList","@id":"https:\/\/cklcomunicaciones.es\/coop\/rse\/#breadcrumb","itemListElement":[{"@type":"ListItem","position":1,"name":"Portada","item":"https:\/\/cklcomunicaciones.es\/coop\/"},{"@type":"ListItem","position":2,"name":"Responsabilidad Social Empresarial"}]},{"@type":"WebSite","@id":"https:\/\/cklcomunicaciones.es\/coop\/#website","url":"https:\/\/cklcomunicaciones.es\/coop\/","name":"CKL Comunicaciones","description":"Sitio web de CKL Comunicaciones coop , la consultora de comunicaci\u00f3n y estrategia","potentialAction":[{"@type":"SearchAction","target":{"@type":"EntryPoint","urlTemplate":"https:\/\/cklcomunicaciones.es\/coop\/?s={search_term_string}"},"query-input":{"@type":"PropertyValueSpecification","valueRequired":true,"valueName":"search_term_string"}}],"inLanguage":"es"}]}},"_links":{"self":[{"href":"https:\/\/cklcomunicaciones.es\/coop\/wp-json\/wp\/v2\/pages\/7350","targetHints":{"allow":["GET"]}}],"collection":[{"href":"https:\/\/cklcomunicaciones.es\/coop\/wp-json\/wp\/v2\/pages"}],"about":[{"href":"https:\/\/cklcomunicaciones.es\/coop\/wp-json\/wp\/v2\/types\/page"}],"author":[{"embeddable":true,"href":"https:\/\/cklcomunicaciones.es\/coop\/wp-json\/wp\/v2\/users\/3"}],"replies":[{"embeddable":true,"href":"https:\/\/cklcomunicaciones.es\/coop\/wp-json\/wp\/v2\/comments?post=7350"}],"version-history":[{"count":0,"href":"https:\/\/cklcomunicaciones.es\/coop\/wp-json\/wp\/v2\/pages\/7350\/revisions"}],"wp:attachment":[{"href":"https:\/\/cklcomunicaciones.es\/coop\/wp-json\/wp\/v2\/media?parent=7350"}],"curies":[{"name":"wp","href":"https:\/\/api.w.org\/{rel}","templated":true}]}}