{"id":12730,"date":"2017-11-11T14:11:58","date_gmt":"2017-11-11T13:11:58","guid":{"rendered":"http:\/\/www.cklcomunicaciones.es\/?page_id=12730"},"modified":"2025-03-31T18:48:28","modified_gmt":"2025-03-31T16:48:28","slug":"actualidad","status":"publish","type":"page","link":"https:\/\/cklcomunicaciones.es\/coop\/actualidad\/","title":{"rendered":"Actualidad"},"content":{"rendered":"<div class=\"fusion-fullwidth fullwidth-box fusion-builder-row-1 fusion-flex-container has-pattern-background has-mask-background nonhundred-percent-fullwidth non-hundred-percent-height-scrolling\" style=\"--awb-border-radius-top-left:0px;--awb-border-radius-top-right:0px;--awb-border-radius-bottom-right:0px;--awb-border-radius-bottom-left:0px;--awb-flex-wrap:wrap;\" ><div class=\"fusion-builder-row fusion-row fusion-flex-align-items-flex-start fusion-flex-content-wrap\" style=\"max-width:1248px;margin-left: calc(-4% \/ 2 );margin-right: calc(-4% \/ 2 );\"><div class=\"fusion-layout-column fusion_builder_column fusion-builder-column-0 fusion_builder_column_1_1 1_1 fusion-flex-column\" style=\"--awb-bg-size:cover;--awb-width-large:100%;--awb-margin-top-large:20px;--awb-spacing-right-large:1.92%;--awb-margin-bottom-large:20px;--awb-spacing-left-large:1.92%;--awb-width-medium:100%;--awb-order-medium:0;--awb-spacing-right-medium:1.92%;--awb-spacing-left-medium:1.92%;--awb-width-small:100%;--awb-order-small:0;--awb-spacing-right-small:1.92%;--awb-spacing-left-small:1.92%;\" data-scroll-devices=\"small-visibility,medium-visibility,large-visibility\"><div class=\"fusion-column-wrapper fusion-column-has-shadow fusion-flex-justify-content-flex-start fusion-content-layout-column\"><div class=\"fusion-post-cards fusion-post-cards-1 fusion-grid-archive fusion-grid-columns-2\" style=\"--awb-dots-align:center;--awb-columns:2;--awb-filters-color:var(--awb-custom_color_1);--awb-filters-hover-color:var(--awb-color8);--awb-filters-active-color:var(--awb-color8);--awb-active-filter-border-size:3px;--awb-active-filter-border-color:var(--awb-color8);--awb-filters-height:44px;--awb-load-more-btn-color:var(--awb-color1);--awb-load-more-btn-bg-color:var(--awb-color5);\" data-post-type-label=\"entradas\"><ul class=\"fusion-grid fusion-grid-2 fusion-flex-align-items-flex-start fusion-grid-posts-cards fusion-grid-container-infinite fusion-grid-container-load-more\" data-pages=\"8\"><li class=\"fusion-layout-column fusion_builder_column fusion-builder-column-1 fusion-flex-column post-card fusion-grid-column fusion-post-cards-grid-column fusion-animated\" style=\"--awb-overflow:hidden;--awb-bg-color:var(--awb-color1);--awb-bg-color-hover:var(--awb-color1);--awb-bg-size:cover;--awb-box-shadow:5px 5px 52px -24px hsla(var(--awb-color8-h),var(--awb-color8-s),var(--awb-color8-l),calc(var(--awb-color8-a) - 92%));;--awb-border-color:var(--awb-color3);--awb-border-top:1px;--awb-border-right:1px;--awb-border-bottom:1px;--awb-border-left:1px;--awb-border-style:solid;--awb-border-radius:16px 16px 16px 16px;--awb-flex-grow:0;--awb-flex-shrink:0;--awb-flex-grow-medium:0;--awb-flex-shrink-medium:0;--awb-flex-grow-small:0;--awb-flex-shrink-small:0;\" data-scroll-devices=\"small-visibility,medium-visibility,large-visibility\" data-animationType=\"fadeInLeft\" data-animationDuration=\"0.3\" data-animationOffset=\"top-into-view\"><div class=\"fusion-column-wrapper fusion-column-has-shadow fusion-flex-justify-content-flex-start fusion-content-layout-column\"><div class=\"fusion-image-element \" style=\"text-align:center;--awb-aspect-ratio:16 \/ 9;--awb-margin-top:40px;--awb-margin-right:40px;--awb-margin-bottom:30px;--awb-margin-left:40px;--awb-caption-title-font-family:var(--h2_typography-font-family);--awb-caption-title-font-weight:var(--h2_typography-font-weight);--awb-caption-title-font-style:var(--h2_typography-font-style);--awb-caption-title-size:var(--h2_typography-font-size);--awb-caption-title-transform:var(--h2_typography-text-transform);--awb-caption-title-line-height:var(--h2_typography-line-height);--awb-caption-title-letter-spacing:var(--h2_typography-letter-spacing);\"><span class=\" fusion-imageframe imageframe-dropshadow imageframe-1 hover-type-none has-aspect-ratio fusion-animated\" style=\"border-radius:15px;-webkit-box-shadow: 3px 3px 7px var(--awb-color7);box-shadow: 3px 3px 7px var(--awb-color7);\" data-animationType=\"fadeInLeft\" data-animationDuration=\"0.3\" data-animationOffset=\"top-into-view\"><a class=\"fusion-no-lightbox\" href=\"https:\/\/cklcomunicaciones.es\/coop\/proyecto-noticias-ess-otra-economia-es-posible\/\" target=\"_self\" aria-label=\"Noticias ESS\"><img decoding=\"async\" width=\"481\" height=\"598\" src=\"https:\/\/cklcomunicaciones.es\/coop\/wp-content\/uploads\/PressES.jpg\" data-orig-src=\"https:\/\/cklcomunicaciones.es\/coop\/wp-content\/uploads\/PressES.jpg\" class=\"lazyload img-responsive wp-image-24635 img-with-aspect-ratio\" data-parent-fit=\"cover\" data-parent-container=\".fusion-image-element\" alt srcset=\"data:image\/svg+xml,%3Csvg%20xmlns%3D%27http%3A%2F%2Fwww.w3.org%2F2000%2Fsvg%27%20width%3D%27481%27%20height%3D%27598%27%20viewBox%3D%270%200%20481%20598%27%3E%3Crect%20width%3D%27481%27%20height%3D%27598%27%20fill-opacity%3D%220%22%2F%3E%3C%2Fsvg%3E\" data-srcset=\"https:\/\/cklcomunicaciones.es\/coop\/wp-content\/uploads\/PressES-200x249.jpg 200w, https:\/\/cklcomunicaciones.es\/coop\/wp-content\/uploads\/PressES-400x497.jpg 400w, https:\/\/cklcomunicaciones.es\/coop\/wp-content\/uploads\/PressES.jpg 481w\" data-sizes=\"auto\" data-orig-sizes=\"(max-width: 640px) 100vw, 481px\" \/><\/a><\/span><\/div><div class=\"fusion-text fusion-text-1\" style=\"--awb-content-alignment:center;--awb-font-size:12px;--awb-user-select:none;--awb-margin-right:20px;--awb-margin-left:20px;--awb-text-font-family:&quot;Inter&quot;;--awb-text-font-style:normal;--awb-text-font-weight:200;\"><p>23 septiembre, 2025<\/p>\n<\/div><div class=\"fusion-title title fusion-title-1 fusion-sep-none fusion-title-center fusion-title-text fusion-title-size-three\" style=\"--awb-text-color:var(--awb-color4);--awb-margin-top:20px;--awb-margin-right:30px;--awb-margin-bottom:10px;--awb-margin-left:30px;--awb-margin-top-small:4px;--awb-margin-right-small:0px;--awb-margin-bottom-small:16px;--awb-margin-left-small:0px;--awb-link-hover-color:hsla(var(--awb-color6-h),var(--awb-color6-s),calc(var(--awb-color6-l) - 15%),var(--awb-color6-a));--awb-font-size:24px;\"><h3 class=\"fusion-title-heading title-heading-center fusion-responsive-typography-calculated\" style=\"margin:0;font-size:1em;--fontSize:24;line-height:var(--awb-typography1-line-height);\"><a href=\"https:\/\/cklcomunicaciones.es\/coop\/proyecto-noticias-ess-otra-economia-es-posible\/\" class=\"awb-custom-text-color awb-custom-text-hover-color\" target=\"_self\">Proyecto &#8216;Noticias ESS. Otra econom\u00eda es posible&#8217;<\/a><\/h3><\/div><div class=\"fusion-title title fusion-title-2 fusion-sep-none fusion-title-center fusion-title-text fusion-title-size-div\" style=\"--awb-text-color:var(--awb-color5);--awb-margin-top:0px;--awb-margin-right:30px;--awb-margin-bottom:30px;--awb-margin-left:30px;--awb-margin-top-small:10px;--awb-margin-right-small:0px;--awb-margin-bottom-small:10px;--awb-margin-left-small:0px;--awb-font-size:12px;\"><div class=\"fusion-title-heading title-heading-center title-heading-tag fusion-responsive-typography-calculated\" style=\"font-family:&quot;Inter&quot;;font-style:normal;font-weight:200;margin:0;letter-spacing:var(--awb-typography2-letter-spacing);text-transform:uppercase;font-size:1em;--fontSize:12;--minFontSize:12;line-height:var(--awb-typography2-line-height);\">Actualidad | noticias destacadas<\/div><\/div><\/div><\/li>\n<li class=\"fusion-layout-column fusion_builder_column fusion-builder-column-2 fusion-flex-column post-card fusion-grid-column fusion-post-cards-grid-column fusion-animated\" style=\"--awb-overflow:hidden;--awb-bg-color:var(--awb-color1);--awb-bg-color-hover:var(--awb-color1);--awb-bg-size:cover;--awb-box-shadow:5px 5px 52px -24px hsla(var(--awb-color8-h),var(--awb-color8-s),var(--awb-color8-l),calc(var(--awb-color8-a) - 92%));;--awb-border-color:var(--awb-color3);--awb-border-top:1px;--awb-border-right:1px;--awb-border-bottom:1px;--awb-border-left:1px;--awb-border-style:solid;--awb-border-radius:16px 16px 16px 16px;--awb-flex-grow:0;--awb-flex-shrink:0;--awb-flex-grow-medium:0;--awb-flex-shrink-medium:0;--awb-flex-grow-small:0;--awb-flex-shrink-small:0;\" data-scroll-devices=\"small-visibility,medium-visibility,large-visibility\" data-animationType=\"fadeInLeft\" data-animationDuration=\"0.3\" data-animationOffset=\"top-into-view\"><div class=\"fusion-column-wrapper fusion-column-has-shadow fusion-flex-justify-content-flex-start fusion-content-layout-column\"><div class=\"fusion-image-element \" style=\"text-align:center;--awb-aspect-ratio:16 \/ 9;--awb-margin-top:40px;--awb-margin-right:40px;--awb-margin-bottom:30px;--awb-margin-left:40px;--awb-caption-title-font-family:var(--h2_typography-font-family);--awb-caption-title-font-weight:var(--h2_typography-font-weight);--awb-caption-title-font-style:var(--h2_typography-font-style);--awb-caption-title-size:var(--h2_typography-font-size);--awb-caption-title-transform:var(--h2_typography-text-transform);--awb-caption-title-line-height:var(--h2_typography-line-height);--awb-caption-title-letter-spacing:var(--h2_typography-letter-spacing);\"><span class=\" fusion-imageframe imageframe-dropshadow imageframe-2 hover-type-none has-aspect-ratio fusion-animated\" style=\"border-radius:15px;-webkit-box-shadow: 3px 3px 7px var(--awb-color7);box-shadow: 3px 3px 7px var(--awb-color7);\" data-animationType=\"fadeInLeft\" data-animationDuration=\"0.3\" data-animationOffset=\"top-into-view\"><a class=\"fusion-no-lightbox\" href=\"https:\/\/cklcomunicaciones.es\/coop\/proyecto-mapa-interactivo-mujeres-ess-territorio\/\" target=\"_self\" aria-label=\"Mujeres ESS en el territorio\"><img decoding=\"async\" width=\"1600\" height=\"900\" src=\"https:\/\/cklcomunicaciones.es\/coop\/wp-content\/uploads\/Mujeres-ESS_horizontal.jpeg\" data-orig-src=\"https:\/\/cklcomunicaciones.es\/coop\/wp-content\/uploads\/Mujeres-ESS_horizontal.jpeg\" class=\"lazyload img-responsive wp-image-24639 img-with-aspect-ratio\" data-parent-fit=\"cover\" data-parent-container=\".fusion-image-element\" alt srcset=\"data:image\/svg+xml,%3Csvg%20xmlns%3D%27http%3A%2F%2Fwww.w3.org%2F2000%2Fsvg%27%20width%3D%271600%27%20height%3D%27900%27%20viewBox%3D%270%200%201600%20900%27%3E%3Crect%20width%3D%271600%27%20height%3D%27900%27%20fill-opacity%3D%220%22%2F%3E%3C%2Fsvg%3E\" data-srcset=\"https:\/\/cklcomunicaciones.es\/coop\/wp-content\/uploads\/Mujeres-ESS_horizontal-200x113.jpeg 200w, https:\/\/cklcomunicaciones.es\/coop\/wp-content\/uploads\/Mujeres-ESS_horizontal-400x225.jpeg 400w, https:\/\/cklcomunicaciones.es\/coop\/wp-content\/uploads\/Mujeres-ESS_horizontal-600x338.jpeg 600w, https:\/\/cklcomunicaciones.es\/coop\/wp-content\/uploads\/Mujeres-ESS_horizontal-1200x675.jpeg 1200w, https:\/\/cklcomunicaciones.es\/coop\/wp-content\/uploads\/Mujeres-ESS_horizontal.jpeg 1600w\" data-sizes=\"auto\" data-orig-sizes=\"(max-width: 640px) 100vw, 1600px\" \/><\/a><\/span><\/div><div class=\"fusion-text fusion-text-2\" style=\"--awb-content-alignment:center;--awb-font-size:12px;--awb-user-select:none;--awb-margin-right:20px;--awb-margin-left:20px;--awb-text-font-family:&quot;Inter&quot;;--awb-text-font-style:normal;--awb-text-font-weight:200;\"><p>23 septiembre, 2025<\/p>\n<\/div><div class=\"fusion-title title fusion-title-3 fusion-sep-none fusion-title-center fusion-title-text fusion-title-size-three\" style=\"--awb-text-color:var(--awb-color4);--awb-margin-top:20px;--awb-margin-right:30px;--awb-margin-bottom:10px;--awb-margin-left:30px;--awb-margin-top-small:4px;--awb-margin-right-small:0px;--awb-margin-bottom-small:16px;--awb-margin-left-small:0px;--awb-link-hover-color:hsla(var(--awb-color6-h),var(--awb-color6-s),calc(var(--awb-color6-l) - 15%),var(--awb-color6-a));--awb-font-size:24px;\"><h3 class=\"fusion-title-heading title-heading-center fusion-responsive-typography-calculated\" style=\"margin:0;font-size:1em;--fontSize:24;line-height:var(--awb-typography1-line-height);\"><a href=\"https:\/\/cklcomunicaciones.es\/coop\/proyecto-mapa-interactivo-mujeres-ess-territorio\/\" class=\"awb-custom-text-color awb-custom-text-hover-color\" target=\"_self\">Proyecto &#8216;Mujeres ESS. Mujeres de la econom\u00eda social y solidaria en el territorio&#8217;<\/a><\/h3><\/div><div class=\"fusion-title title fusion-title-4 fusion-sep-none fusion-title-center fusion-title-text fusion-title-size-div\" style=\"--awb-text-color:var(--awb-color5);--awb-margin-top:0px;--awb-margin-right:30px;--awb-margin-bottom:30px;--awb-margin-left:30px;--awb-margin-top-small:10px;--awb-margin-right-small:0px;--awb-margin-bottom-small:10px;--awb-margin-left-small:0px;--awb-font-size:12px;\"><div class=\"fusion-title-heading title-heading-center title-heading-tag fusion-responsive-typography-calculated\" style=\"font-family:&quot;Inter&quot;;font-style:normal;font-weight:200;margin:0;letter-spacing:var(--awb-typography2-letter-spacing);text-transform:uppercase;font-size:1em;--fontSize:12;--minFontSize:12;line-height:var(--awb-typography2-line-height);\">Actualidad | noticias destacadas<\/div><\/div><\/div><\/li>\n<li class=\"fusion-layout-column fusion_builder_column fusion-builder-column-3 fusion-flex-column post-card fusion-grid-column fusion-post-cards-grid-column fusion-animated\" style=\"--awb-overflow:hidden;--awb-bg-color:var(--awb-color1);--awb-bg-color-hover:var(--awb-color1);--awb-bg-size:cover;--awb-box-shadow:5px 5px 52px -24px hsla(var(--awb-color8-h),var(--awb-color8-s),var(--awb-color8-l),calc(var(--awb-color8-a) - 92%));;--awb-border-color:var(--awb-color3);--awb-border-top:1px;--awb-border-right:1px;--awb-border-bottom:1px;--awb-border-left:1px;--awb-border-style:solid;--awb-border-radius:16px 16px 16px 16px;--awb-flex-grow:0;--awb-flex-shrink:0;--awb-flex-grow-medium:0;--awb-flex-shrink-medium:0;--awb-flex-grow-small:0;--awb-flex-shrink-small:0;\" data-scroll-devices=\"small-visibility,medium-visibility,large-visibility\" data-animationType=\"fadeInLeft\" data-animationDuration=\"0.3\" data-animationOffset=\"top-into-view\"><div class=\"fusion-column-wrapper fusion-column-has-shadow fusion-flex-justify-content-flex-start fusion-content-layout-column\"><div class=\"fusion-image-element \" style=\"text-align:center;--awb-aspect-ratio:16 \/ 9;--awb-margin-top:40px;--awb-margin-right:40px;--awb-margin-bottom:30px;--awb-margin-left:40px;--awb-caption-title-font-family:var(--h2_typography-font-family);--awb-caption-title-font-weight:var(--h2_typography-font-weight);--awb-caption-title-font-style:var(--h2_typography-font-style);--awb-caption-title-size:var(--h2_typography-font-size);--awb-caption-title-transform:var(--h2_typography-text-transform);--awb-caption-title-line-height:var(--h2_typography-line-height);--awb-caption-title-letter-spacing:var(--h2_typography-letter-spacing);\"><span class=\" fusion-imageframe imageframe-dropshadow imageframe-3 hover-type-none has-aspect-ratio fusion-animated\" style=\"border-radius:15px;-webkit-box-shadow: 3px 3px 7px var(--awb-color7);box-shadow: 3px 3px 7px var(--awb-color7);\" data-animationType=\"fadeInLeft\" data-animationDuration=\"0.3\" data-animationOffset=\"top-into-view\"><a class=\"fusion-no-lightbox\" href=\"https:\/\/cklcomunicaciones.es\/coop\/dos-nuevas-cooperativas-trabajo-creadas-mujeres-utilidad-proyectos-promocion-emprendimiento\/\" target=\"_self\" aria-label=\"AMECOOP_emprendimiento-autonom\u00eda\"><img decoding=\"async\" width=\"1537\" height=\"2048\" src=\"https:\/\/cklcomunicaciones.es\/coop\/wp-content\/uploads\/AMECOOP_proyecto-IAM_2025.jpg\" data-orig-src=\"https:\/\/cklcomunicaciones.es\/coop\/wp-content\/uploads\/AMECOOP_proyecto-IAM_2025.jpg\" class=\"lazyload img-responsive wp-image-24619 img-with-aspect-ratio\" data-parent-fit=\"cover\" data-parent-container=\".fusion-image-element\" alt srcset=\"data:image\/svg+xml,%3Csvg%20xmlns%3D%27http%3A%2F%2Fwww.w3.org%2F2000%2Fsvg%27%20width%3D%271537%27%20height%3D%272048%27%20viewBox%3D%270%200%201537%202048%27%3E%3Crect%20width%3D%271537%27%20height%3D%272048%27%20fill-opacity%3D%220%22%2F%3E%3C%2Fsvg%3E\" data-srcset=\"https:\/\/cklcomunicaciones.es\/coop\/wp-content\/uploads\/AMECOOP_proyecto-IAM_2025-200x266.jpg 200w, https:\/\/cklcomunicaciones.es\/coop\/wp-content\/uploads\/AMECOOP_proyecto-IAM_2025-400x533.jpg 400w, https:\/\/cklcomunicaciones.es\/coop\/wp-content\/uploads\/AMECOOP_proyecto-IAM_2025-600x799.jpg 600w, https:\/\/cklcomunicaciones.es\/coop\/wp-content\/uploads\/AMECOOP_proyecto-IAM_2025-1200x1599.jpg 1200w, https:\/\/cklcomunicaciones.es\/coop\/wp-content\/uploads\/AMECOOP_proyecto-IAM_2025.jpg 1537w\" data-sizes=\"auto\" data-orig-sizes=\"(max-width: 640px) 100vw, 1537px\" \/><\/a><\/span><\/div><div class=\"fusion-text fusion-text-3\" style=\"--awb-content-alignment:center;--awb-font-size:12px;--awb-user-select:none;--awb-margin-right:20px;--awb-margin-left:20px;--awb-text-font-family:&quot;Inter&quot;;--awb-text-font-style:normal;--awb-text-font-weight:200;\"><p>17 septiembre, 2025<\/p>\n<\/div><div class=\"fusion-title title fusion-title-5 fusion-sep-none fusion-title-center fusion-title-text fusion-title-size-three\" style=\"--awb-text-color:var(--awb-color4);--awb-margin-top:20px;--awb-margin-right:30px;--awb-margin-bottom:10px;--awb-margin-left:30px;--awb-margin-top-small:4px;--awb-margin-right-small:0px;--awb-margin-bottom-small:16px;--awb-margin-left-small:0px;--awb-link-hover-color:hsla(var(--awb-color6-h),var(--awb-color6-s),calc(var(--awb-color6-l) - 15%),var(--awb-color6-a));--awb-font-size:24px;\"><h3 class=\"fusion-title-heading title-heading-center fusion-responsive-typography-calculated\" style=\"margin:0;font-size:1em;--fontSize:24;line-height:var(--awb-typography1-line-height);\"><a href=\"https:\/\/cklcomunicaciones.es\/coop\/dos-nuevas-cooperativas-trabajo-creadas-mujeres-utilidad-proyectos-promocion-emprendimiento\/\" class=\"awb-custom-text-color awb-custom-text-hover-color\" target=\"_self\">Dos nuevas cooperativas de trabajo creadas por mujeres: la utilidad de los proyectos de promoci\u00f3n del emprendimiento<\/a><\/h3><\/div><div class=\"fusion-title title fusion-title-6 fusion-sep-none fusion-title-center fusion-title-text fusion-title-size-div\" style=\"--awb-text-color:var(--awb-color5);--awb-margin-top:0px;--awb-margin-right:30px;--awb-margin-bottom:30px;--awb-margin-left:30px;--awb-margin-top-small:10px;--awb-margin-right-small:0px;--awb-margin-bottom-small:10px;--awb-margin-left-small:0px;--awb-font-size:12px;\"><div class=\"fusion-title-heading title-heading-center title-heading-tag fusion-responsive-typography-calculated\" style=\"font-family:&quot;Inter&quot;;font-style:normal;font-weight:200;margin:0;letter-spacing:var(--awb-typography2-letter-spacing);text-transform:uppercase;font-size:1em;--fontSize:12;--minFontSize:12;line-height:var(--awb-typography2-line-height);\">Actualidad | noticias destacadas<\/div><\/div><\/div><\/li>\n<li class=\"fusion-layout-column fusion_builder_column fusion-builder-column-4 fusion-flex-column post-card fusion-grid-column fusion-post-cards-grid-column fusion-animated\" style=\"--awb-overflow:hidden;--awb-bg-color:var(--awb-color1);--awb-bg-color-hover:var(--awb-color1);--awb-bg-size:cover;--awb-box-shadow:5px 5px 52px -24px hsla(var(--awb-color8-h),var(--awb-color8-s),var(--awb-color8-l),calc(var(--awb-color8-a) - 92%));;--awb-border-color:var(--awb-color3);--awb-border-top:1px;--awb-border-right:1px;--awb-border-bottom:1px;--awb-border-left:1px;--awb-border-style:solid;--awb-border-radius:16px 16px 16px 16px;--awb-flex-grow:0;--awb-flex-shrink:0;--awb-flex-grow-medium:0;--awb-flex-shrink-medium:0;--awb-flex-grow-small:0;--awb-flex-shrink-small:0;\" data-scroll-devices=\"small-visibility,medium-visibility,large-visibility\" data-animationType=\"fadeInLeft\" data-animationDuration=\"0.3\" data-animationOffset=\"top-into-view\"><div class=\"fusion-column-wrapper fusion-column-has-shadow fusion-flex-justify-content-flex-start fusion-content-layout-column\"><div class=\"fusion-image-element \" style=\"text-align:center;--awb-aspect-ratio:16 \/ 9;--awb-margin-top:40px;--awb-margin-right:40px;--awb-margin-bottom:30px;--awb-margin-left:40px;--awb-caption-title-font-family:var(--h2_typography-font-family);--awb-caption-title-font-weight:var(--h2_typography-font-weight);--awb-caption-title-font-style:var(--h2_typography-font-style);--awb-caption-title-size:var(--h2_typography-font-size);--awb-caption-title-transform:var(--h2_typography-text-transform);--awb-caption-title-line-height:var(--h2_typography-line-height);--awb-caption-title-letter-spacing:var(--h2_typography-letter-spacing);\"><span class=\" fusion-imageframe imageframe-dropshadow imageframe-4 hover-type-none has-aspect-ratio fusion-animated\" style=\"border-radius:15px;-webkit-box-shadow: 3px 3px 7px var(--awb-color7);box-shadow: 3px 3px 7px var(--awb-color7);\" data-animationType=\"fadeInLeft\" data-animationDuration=\"0.3\" data-animationOffset=\"top-into-view\"><a class=\"fusion-no-lightbox\" href=\"https:\/\/cklcomunicaciones.es\/coop\/murcia-acoge-cumbre-europea-economia-social\/\" target=\"_self\" aria-label=\"Murcia_Social-Economy-European-Summit\"><img decoding=\"async\" width=\"830\" height=\"464\" src=\"https:\/\/cklcomunicaciones.es\/coop\/wp-content\/uploads\/Murcia_Social-Economy-European-Summit.jpg\" data-orig-src=\"https:\/\/cklcomunicaciones.es\/coop\/wp-content\/uploads\/Murcia_Social-Economy-European-Summit.jpg\" class=\"lazyload img-responsive wp-image-24611 img-with-aspect-ratio\" data-parent-fit=\"cover\" data-parent-container=\".fusion-image-element\" alt srcset=\"data:image\/svg+xml,%3Csvg%20xmlns%3D%27http%3A%2F%2Fwww.w3.org%2F2000%2Fsvg%27%20width%3D%27830%27%20height%3D%27464%27%20viewBox%3D%270%200%20830%20464%27%3E%3Crect%20width%3D%27830%27%20height%3D%27464%27%20fill-opacity%3D%220%22%2F%3E%3C%2Fsvg%3E\" data-srcset=\"https:\/\/cklcomunicaciones.es\/coop\/wp-content\/uploads\/Murcia_Social-Economy-European-Summit-200x112.jpg 200w, https:\/\/cklcomunicaciones.es\/coop\/wp-content\/uploads\/Murcia_Social-Economy-European-Summit-400x224.jpg 400w, https:\/\/cklcomunicaciones.es\/coop\/wp-content\/uploads\/Murcia_Social-Economy-European-Summit-600x335.jpg 600w, https:\/\/cklcomunicaciones.es\/coop\/wp-content\/uploads\/Murcia_Social-Economy-European-Summit.jpg 830w\" data-sizes=\"auto\" data-orig-sizes=\"(max-width: 640px) 100vw, 830px\" \/><\/a><\/span><\/div><div class=\"fusion-text fusion-text-4\" style=\"--awb-content-alignment:center;--awb-font-size:12px;--awb-user-select:none;--awb-margin-right:20px;--awb-margin-left:20px;--awb-text-font-family:&quot;Inter&quot;;--awb-text-font-style:normal;--awb-text-font-weight:200;\"><p>11 septiembre, 2025<\/p>\n<\/div><div class=\"fusion-title title fusion-title-7 fusion-sep-none fusion-title-center fusion-title-text fusion-title-size-three\" style=\"--awb-text-color:var(--awb-color4);--awb-margin-top:20px;--awb-margin-right:30px;--awb-margin-bottom:10px;--awb-margin-left:30px;--awb-margin-top-small:4px;--awb-margin-right-small:0px;--awb-margin-bottom-small:16px;--awb-margin-left-small:0px;--awb-link-hover-color:hsla(var(--awb-color6-h),var(--awb-color6-s),calc(var(--awb-color6-l) - 15%),var(--awb-color6-a));--awb-font-size:24px;\"><h3 class=\"fusion-title-heading title-heading-center fusion-responsive-typography-calculated\" style=\"margin:0;font-size:1em;--fontSize:24;line-height:var(--awb-typography1-line-height);\"><a href=\"https:\/\/cklcomunicaciones.es\/coop\/murcia-acoge-cumbre-europea-economia-social\/\" class=\"awb-custom-text-color awb-custom-text-hover-color\" target=\"_self\">Murcia acoge la cumbre europea de la econom\u00eda social<\/a><\/h3><\/div><div class=\"fusion-title title fusion-title-8 fusion-sep-none fusion-title-center fusion-title-text fusion-title-size-div\" style=\"--awb-text-color:var(--awb-color5);--awb-margin-top:0px;--awb-margin-right:30px;--awb-margin-bottom:30px;--awb-margin-left:30px;--awb-margin-top-small:10px;--awb-margin-right-small:0px;--awb-margin-bottom-small:10px;--awb-margin-left-small:0px;--awb-font-size:12px;\"><div class=\"fusion-title-heading title-heading-center title-heading-tag fusion-responsive-typography-calculated\" style=\"font-family:&quot;Inter&quot;;font-style:normal;font-weight:200;margin:0;letter-spacing:var(--awb-typography2-letter-spacing);text-transform:uppercase;font-size:1em;--fontSize:12;--minFontSize:12;line-height:var(--awb-typography2-line-height);\">Actualidad | noticias destacadas<\/div><\/div><\/div><\/li>\n<li class=\"fusion-layout-column fusion_builder_column fusion-builder-column-5 fusion-flex-column post-card fusion-grid-column fusion-post-cards-grid-column fusion-animated\" style=\"--awb-overflow:hidden;--awb-bg-color:var(--awb-color1);--awb-bg-color-hover:var(--awb-color1);--awb-bg-size:cover;--awb-box-shadow:5px 5px 52px -24px hsla(var(--awb-color8-h),var(--awb-color8-s),var(--awb-color8-l),calc(var(--awb-color8-a) - 92%));;--awb-border-color:var(--awb-color3);--awb-border-top:1px;--awb-border-right:1px;--awb-border-bottom:1px;--awb-border-left:1px;--awb-border-style:solid;--awb-border-radius:16px 16px 16px 16px;--awb-flex-grow:0;--awb-flex-shrink:0;--awb-flex-grow-medium:0;--awb-flex-shrink-medium:0;--awb-flex-grow-small:0;--awb-flex-shrink-small:0;\" data-scroll-devices=\"small-visibility,medium-visibility,large-visibility\" data-animationType=\"fadeInLeft\" data-animationDuration=\"0.3\" data-animationOffset=\"top-into-view\"><div class=\"fusion-column-wrapper fusion-column-has-shadow fusion-flex-justify-content-flex-start fusion-content-layout-column\"><div class=\"fusion-image-element \" style=\"text-align:center;--awb-aspect-ratio:16 \/ 9;--awb-margin-top:40px;--awb-margin-right:40px;--awb-margin-bottom:30px;--awb-margin-left:40px;--awb-caption-title-font-family:var(--h2_typography-font-family);--awb-caption-title-font-weight:var(--h2_typography-font-weight);--awb-caption-title-font-style:var(--h2_typography-font-style);--awb-caption-title-size:var(--h2_typography-font-size);--awb-caption-title-transform:var(--h2_typography-text-transform);--awb-caption-title-line-height:var(--h2_typography-line-height);--awb-caption-title-letter-spacing:var(--h2_typography-letter-spacing);\"><span class=\" fusion-imageframe imageframe-dropshadow imageframe-5 hover-type-none has-aspect-ratio fusion-animated\" style=\"border-radius:15px;-webkit-box-shadow: 3px 3px 7px var(--awb-color7);box-shadow: 3px 3px 7px var(--awb-color7);\" data-animationType=\"fadeInLeft\" data-animationDuration=\"0.3\" data-animationOffset=\"top-into-view\"><a class=\"fusion-no-lightbox\" href=\"https:\/\/cklcomunicaciones.es\/coop\/andaluzas-mejoran-salud-mental-alejarse-riesgo-exclusion-social\/\" target=\"_self\" aria-label=\"AMIGA_IAM_salud-mental-exclusion-social\"><img decoding=\"async\" width=\"2560\" height=\"1262\" src=\"https:\/\/cklcomunicaciones.es\/coop\/wp-content\/uploads\/AMIGA_IAM_salud-mental-exclusion-social-scaled.jpg\" data-orig-src=\"https:\/\/cklcomunicaciones.es\/coop\/wp-content\/uploads\/AMIGA_IAM_salud-mental-exclusion-social-scaled.jpg\" class=\"lazyload img-responsive wp-image-24568 img-with-aspect-ratio\" data-parent-fit=\"cover\" data-parent-container=\".fusion-image-element\" alt srcset=\"data:image\/svg+xml,%3Csvg%20xmlns%3D%27http%3A%2F%2Fwww.w3.org%2F2000%2Fsvg%27%20width%3D%272560%27%20height%3D%271262%27%20viewBox%3D%270%200%202560%201262%27%3E%3Crect%20width%3D%272560%27%20height%3D%271262%27%20fill-opacity%3D%220%22%2F%3E%3C%2Fsvg%3E\" data-srcset=\"https:\/\/cklcomunicaciones.es\/coop\/wp-content\/uploads\/AMIGA_IAM_salud-mental-exclusion-social-200x99.jpg 200w, https:\/\/cklcomunicaciones.es\/coop\/wp-content\/uploads\/AMIGA_IAM_salud-mental-exclusion-social-400x197.jpg 400w, https:\/\/cklcomunicaciones.es\/coop\/wp-content\/uploads\/AMIGA_IAM_salud-mental-exclusion-social-600x296.jpg 600w, https:\/\/cklcomunicaciones.es\/coop\/wp-content\/uploads\/AMIGA_IAM_salud-mental-exclusion-social-1200x591.jpg 1200w, https:\/\/cklcomunicaciones.es\/coop\/wp-content\/uploads\/AMIGA_IAM_salud-mental-exclusion-social-scaled.jpg 2560w\" data-sizes=\"auto\" data-orig-sizes=\"(max-width: 640px) 100vw, 2560px\" \/><\/a><\/span><\/div><div class=\"fusion-text fusion-text-5\" style=\"--awb-content-alignment:center;--awb-font-size:12px;--awb-user-select:none;--awb-margin-right:20px;--awb-margin-left:20px;--awb-text-font-family:&quot;Inter&quot;;--awb-text-font-style:normal;--awb-text-font-weight:200;\"><p>25 julio, 2025<\/p>\n<\/div><div class=\"fusion-title title fusion-title-9 fusion-sep-none fusion-title-center fusion-title-text fusion-title-size-three\" style=\"--awb-text-color:var(--awb-color4);--awb-margin-top:20px;--awb-margin-right:30px;--awb-margin-bottom:10px;--awb-margin-left:30px;--awb-margin-top-small:4px;--awb-margin-right-small:0px;--awb-margin-bottom-small:16px;--awb-margin-left-small:0px;--awb-link-hover-color:hsla(var(--awb-color6-h),var(--awb-color6-s),calc(var(--awb-color6-l) - 15%),var(--awb-color6-a));--awb-font-size:24px;\"><h3 class=\"fusion-title-heading title-heading-center fusion-responsive-typography-calculated\" style=\"margin:0;font-size:1em;--fontSize:24;line-height:var(--awb-typography1-line-height);\"><a href=\"https:\/\/cklcomunicaciones.es\/coop\/andaluzas-mejoran-salud-mental-alejarse-riesgo-exclusion-social\/\" class=\"awb-custom-text-color awb-custom-text-hover-color\" target=\"_self\">Mujeres andaluzas mejoran su salud emocional para alejarse del riesgo de exclusi\u00f3n social<\/a><\/h3><\/div><div class=\"fusion-title title fusion-title-10 fusion-sep-none fusion-title-center fusion-title-text fusion-title-size-div\" style=\"--awb-text-color:var(--awb-color5);--awb-margin-top:0px;--awb-margin-right:30px;--awb-margin-bottom:30px;--awb-margin-left:30px;--awb-margin-top-small:10px;--awb-margin-right-small:0px;--awb-margin-bottom-small:10px;--awb-margin-left-small:0px;--awb-font-size:12px;\"><div class=\"fusion-title-heading title-heading-center title-heading-tag fusion-responsive-typography-calculated\" style=\"font-family:&quot;Inter&quot;;font-style:normal;font-weight:200;margin:0;letter-spacing:var(--awb-typography2-letter-spacing);text-transform:uppercase;font-size:1em;--fontSize:12;--minFontSize:12;line-height:var(--awb-typography2-line-height);\">Actualidad | noticias destacadas<\/div><\/div><\/div><\/li>\n<li class=\"fusion-layout-column fusion_builder_column fusion-builder-column-6 fusion-flex-column post-card fusion-grid-column fusion-post-cards-grid-column fusion-animated\" style=\"--awb-overflow:hidden;--awb-bg-color:var(--awb-color1);--awb-bg-color-hover:var(--awb-color1);--awb-bg-size:cover;--awb-box-shadow:5px 5px 52px -24px hsla(var(--awb-color8-h),var(--awb-color8-s),var(--awb-color8-l),calc(var(--awb-color8-a) - 92%));;--awb-border-color:var(--awb-color3);--awb-border-top:1px;--awb-border-right:1px;--awb-border-bottom:1px;--awb-border-left:1px;--awb-border-style:solid;--awb-border-radius:16px 16px 16px 16px;--awb-flex-grow:0;--awb-flex-shrink:0;--awb-flex-grow-medium:0;--awb-flex-shrink-medium:0;--awb-flex-grow-small:0;--awb-flex-shrink-small:0;\" data-scroll-devices=\"small-visibility,medium-visibility,large-visibility\" data-animationType=\"fadeInLeft\" data-animationDuration=\"0.3\" data-animationOffset=\"top-into-view\"><div class=\"fusion-column-wrapper fusion-column-has-shadow fusion-flex-justify-content-flex-start fusion-content-layout-column\"><div class=\"fusion-image-element \" style=\"text-align:center;--awb-aspect-ratio:16 \/ 9;--awb-margin-top:40px;--awb-margin-right:40px;--awb-margin-bottom:30px;--awb-margin-left:40px;--awb-caption-title-font-family:var(--h2_typography-font-family);--awb-caption-title-font-weight:var(--h2_typography-font-weight);--awb-caption-title-font-style:var(--h2_typography-font-style);--awb-caption-title-size:var(--h2_typography-font-size);--awb-caption-title-transform:var(--h2_typography-text-transform);--awb-caption-title-line-height:var(--h2_typography-line-height);--awb-caption-title-letter-spacing:var(--h2_typography-letter-spacing);\"><span class=\" fusion-imageframe imageframe-dropshadow imageframe-6 hover-type-none has-aspect-ratio fusion-animated\" style=\"border-radius:15px;-webkit-box-shadow: 3px 3px 7px var(--awb-color7);box-shadow: 3px 3px 7px var(--awb-color7);\" data-animationType=\"fadeInLeft\" data-animationDuration=\"0.3\" data-animationOffset=\"top-into-view\"><a class=\"fusion-no-lightbox\" href=\"https:\/\/cklcomunicaciones.es\/coop\/feminist-forum-beyond-fourth-international-conference-financing-development\/\" target=\"_self\" aria-label=\"FeministForum2025_Seville Spain\"><img decoding=\"async\" width=\"1920\" height=\"1080\" src=\"https:\/\/cklcomunicaciones.es\/coop\/wp-content\/uploads\/FeministForum2025_Seville-Spain.webp\" data-orig-src=\"https:\/\/cklcomunicaciones.es\/coop\/wp-content\/uploads\/FeministForum2025_Seville-Spain.webp\" class=\"lazyload img-responsive wp-image-24483 img-with-aspect-ratio\" data-parent-fit=\"cover\" data-parent-container=\".fusion-image-element\" alt srcset=\"data:image\/svg+xml,%3Csvg%20xmlns%3D%27http%3A%2F%2Fwww.w3.org%2F2000%2Fsvg%27%20width%3D%271920%27%20height%3D%271080%27%20viewBox%3D%270%200%201920%201080%27%3E%3Crect%20width%3D%271920%27%20height%3D%271080%27%20fill-opacity%3D%220%22%2F%3E%3C%2Fsvg%3E\" data-srcset=\"https:\/\/cklcomunicaciones.es\/coop\/wp-content\/uploads\/FeministForum2025_Seville-Spain-200x113.webp 200w, https:\/\/cklcomunicaciones.es\/coop\/wp-content\/uploads\/FeministForum2025_Seville-Spain-400x225.webp 400w, https:\/\/cklcomunicaciones.es\/coop\/wp-content\/uploads\/FeministForum2025_Seville-Spain-600x338.webp 600w, https:\/\/cklcomunicaciones.es\/coop\/wp-content\/uploads\/FeministForum2025_Seville-Spain-1200x675.webp 1200w, https:\/\/cklcomunicaciones.es\/coop\/wp-content\/uploads\/FeministForum2025_Seville-Spain.webp 1920w\" data-sizes=\"auto\" data-orig-sizes=\"(max-width: 640px) 100vw, 1920px\" \/><\/a><\/span><\/div><div class=\"fusion-text fusion-text-6\" style=\"--awb-content-alignment:center;--awb-font-size:12px;--awb-user-select:none;--awb-margin-right:20px;--awb-margin-left:20px;--awb-text-font-family:&quot;Inter&quot;;--awb-text-font-style:normal;--awb-text-font-weight:200;\"><p>26 mayo, 2025<\/p>\n<\/div><div class=\"fusion-title title fusion-title-11 fusion-sep-none fusion-title-center fusion-title-text fusion-title-size-three\" style=\"--awb-text-color:var(--awb-color4);--awb-margin-top:20px;--awb-margin-right:30px;--awb-margin-bottom:10px;--awb-margin-left:30px;--awb-margin-top-small:4px;--awb-margin-right-small:0px;--awb-margin-bottom-small:16px;--awb-margin-left-small:0px;--awb-link-hover-color:hsla(var(--awb-color6-h),var(--awb-color6-s),calc(var(--awb-color6-l) - 15%),var(--awb-color6-a));--awb-font-size:24px;\"><h3 class=\"fusion-title-heading title-heading-center fusion-responsive-typography-calculated\" style=\"margin:0;font-size:1em;--fontSize:24;line-height:var(--awb-typography1-line-height);\"><a href=\"https:\/\/cklcomunicaciones.es\/coop\/feminist-forum-beyond-fourth-international-conference-financing-development\/\" class=\"awb-custom-text-color awb-custom-text-hover-color\" target=\"_self\">The Feminist Forum for and beyond the Fourth International Conference on Financing for Development<\/a><\/h3><\/div><div class=\"fusion-title title fusion-title-12 fusion-sep-none fusion-title-center fusion-title-text fusion-title-size-div\" style=\"--awb-text-color:var(--awb-color5);--awb-margin-top:0px;--awb-margin-right:30px;--awb-margin-bottom:30px;--awb-margin-left:30px;--awb-margin-top-small:10px;--awb-margin-right-small:0px;--awb-margin-bottom-small:10px;--awb-margin-left-small:0px;--awb-font-size:12px;\"><div class=\"fusion-title-heading title-heading-center title-heading-tag fusion-responsive-typography-calculated\" style=\"font-family:&quot;Inter&quot;;font-style:normal;font-weight:200;margin:0;letter-spacing:var(--awb-typography2-letter-spacing);text-transform:uppercase;font-size:1em;--fontSize:12;--minFontSize:12;line-height:var(--awb-typography2-line-height);\">Actualidad | noticias destacadas<\/div><\/div><\/div><\/li>\n<li class=\"fusion-layout-column fusion_builder_column fusion-builder-column-7 fusion-flex-column post-card fusion-grid-column fusion-post-cards-grid-column fusion-animated\" style=\"--awb-overflow:hidden;--awb-bg-color:var(--awb-color1);--awb-bg-color-hover:var(--awb-color1);--awb-bg-size:cover;--awb-box-shadow:5px 5px 52px -24px hsla(var(--awb-color8-h),var(--awb-color8-s),var(--awb-color8-l),calc(var(--awb-color8-a) - 92%));;--awb-border-color:var(--awb-color3);--awb-border-top:1px;--awb-border-right:1px;--awb-border-bottom:1px;--awb-border-left:1px;--awb-border-style:solid;--awb-border-radius:16px 16px 16px 16px;--awb-flex-grow:0;--awb-flex-shrink:0;--awb-flex-grow-medium:0;--awb-flex-shrink-medium:0;--awb-flex-grow-small:0;--awb-flex-shrink-small:0;\" data-scroll-devices=\"small-visibility,medium-visibility,large-visibility\" data-animationType=\"fadeInLeft\" data-animationDuration=\"0.3\" data-animationOffset=\"top-into-view\"><div class=\"fusion-column-wrapper fusion-column-has-shadow fusion-flex-justify-content-flex-start fusion-content-layout-column\"><div class=\"fusion-image-element \" style=\"text-align:center;--awb-aspect-ratio:16 \/ 9;--awb-margin-top:40px;--awb-margin-right:40px;--awb-margin-bottom:30px;--awb-margin-left:40px;--awb-caption-title-font-family:var(--h2_typography-font-family);--awb-caption-title-font-weight:var(--h2_typography-font-weight);--awb-caption-title-font-style:var(--h2_typography-font-style);--awb-caption-title-size:var(--h2_typography-font-size);--awb-caption-title-transform:var(--h2_typography-text-transform);--awb-caption-title-line-height:var(--h2_typography-line-height);--awb-caption-title-letter-spacing:var(--h2_typography-letter-spacing);\"><span class=\" fusion-imageframe imageframe-dropshadow imageframe-7 hover-type-none has-aspect-ratio fusion-animated\" style=\"border-radius:15px;-webkit-box-shadow: 3px 3px 7px var(--awb-color7);box-shadow: 3px 3px 7px var(--awb-color7);\" data-animationType=\"fadeInLeft\" data-animationDuration=\"0.3\" data-animationOffset=\"top-into-view\"><a class=\"fusion-no-lightbox\" href=\"https:\/\/cklcomunicaciones.es\/coop\/proyecto-emprendimiento-autonomia-economia-mujer-andaluza-amecoop-andalucia\/\" target=\"_self\" aria-label=\"AMECOOP_proyecto-emprendimiento\"><img decoding=\"async\" width=\"1280\" height=\"720\" src=\"https:\/\/cklcomunicaciones.es\/coop\/wp-content\/uploads\/AMECOOP_proyecto-IAM-2025_OK.jpg\" data-orig-src=\"https:\/\/cklcomunicaciones.es\/coop\/wp-content\/uploads\/AMECOOP_proyecto-IAM-2025_OK.jpg\" class=\"lazyload img-responsive wp-image-24615 img-with-aspect-ratio\" data-parent-fit=\"cover\" data-parent-container=\".fusion-image-element\" alt srcset=\"data:image\/svg+xml,%3Csvg%20xmlns%3D%27http%3A%2F%2Fwww.w3.org%2F2000%2Fsvg%27%20width%3D%271280%27%20height%3D%27720%27%20viewBox%3D%270%200%201280%20720%27%3E%3Crect%20width%3D%271280%27%20height%3D%27720%27%20fill-opacity%3D%220%22%2F%3E%3C%2Fsvg%3E\" data-srcset=\"https:\/\/cklcomunicaciones.es\/coop\/wp-content\/uploads\/AMECOOP_proyecto-IAM-2025_OK-200x113.jpg 200w, https:\/\/cklcomunicaciones.es\/coop\/wp-content\/uploads\/AMECOOP_proyecto-IAM-2025_OK-400x225.jpg 400w, https:\/\/cklcomunicaciones.es\/coop\/wp-content\/uploads\/AMECOOP_proyecto-IAM-2025_OK-600x338.jpg 600w, https:\/\/cklcomunicaciones.es\/coop\/wp-content\/uploads\/AMECOOP_proyecto-IAM-2025_OK-1200x675.jpg 1200w, https:\/\/cklcomunicaciones.es\/coop\/wp-content\/uploads\/AMECOOP_proyecto-IAM-2025_OK.jpg 1280w\" data-sizes=\"auto\" data-orig-sizes=\"(max-width: 640px) 100vw, 1280px\" \/><\/a><\/span><\/div><div class=\"fusion-text fusion-text-7\" style=\"--awb-content-alignment:center;--awb-font-size:12px;--awb-user-select:none;--awb-margin-right:20px;--awb-margin-left:20px;--awb-text-font-family:&quot;Inter&quot;;--awb-text-font-style:normal;--awb-text-font-weight:200;\"><p>16 mayo, 2025<\/p>\n<\/div><div class=\"fusion-title title fusion-title-13 fusion-sep-none fusion-title-center fusion-title-text fusion-title-size-three\" style=\"--awb-text-color:var(--awb-color4);--awb-margin-top:20px;--awb-margin-right:30px;--awb-margin-bottom:10px;--awb-margin-left:30px;--awb-margin-top-small:4px;--awb-margin-right-small:0px;--awb-margin-bottom-small:16px;--awb-margin-left-small:0px;--awb-link-hover-color:hsla(var(--awb-color6-h),var(--awb-color6-s),calc(var(--awb-color6-l) - 15%),var(--awb-color6-a));--awb-font-size:24px;\"><h3 class=\"fusion-title-heading title-heading-center fusion-responsive-typography-calculated\" style=\"margin:0;font-size:1em;--fontSize:24;line-height:var(--awb-typography1-line-height);\"><a href=\"https:\/\/cklcomunicaciones.es\/coop\/proyecto-emprendimiento-autonomia-economia-mujer-andaluza-amecoop-andalucia\/\" class=\"awb-custom-text-color awb-custom-text-hover-color\" target=\"_self\">Proyecto \u2018Emprendimiento y autonom\u00eda econ\u00f3mica de la mujer andaluza\u2019 de AMECOOP Andaluc\u00eda<\/a><\/h3><\/div><div class=\"fusion-title title fusion-title-14 fusion-sep-none fusion-title-center fusion-title-text fusion-title-size-div\" style=\"--awb-text-color:var(--awb-color5);--awb-margin-top:0px;--awb-margin-right:30px;--awb-margin-bottom:30px;--awb-margin-left:30px;--awb-margin-top-small:10px;--awb-margin-right-small:0px;--awb-margin-bottom-small:10px;--awb-margin-left-small:0px;--awb-font-size:12px;\"><div class=\"fusion-title-heading title-heading-center title-heading-tag fusion-responsive-typography-calculated\" style=\"font-family:&quot;Inter&quot;;font-style:normal;font-weight:200;margin:0;letter-spacing:var(--awb-typography2-letter-spacing);text-transform:uppercase;font-size:1em;--fontSize:12;--minFontSize:12;line-height:var(--awb-typography2-line-height);\">Actualidad<\/div><\/div><\/div><\/li>\n<li class=\"fusion-layout-column fusion_builder_column fusion-builder-column-8 fusion-flex-column post-card fusion-grid-column fusion-post-cards-grid-column fusion-animated\" style=\"--awb-overflow:hidden;--awb-bg-color:var(--awb-color1);--awb-bg-color-hover:var(--awb-color1);--awb-bg-size:cover;--awb-box-shadow:5px 5px 52px -24px hsla(var(--awb-color8-h),var(--awb-color8-s),var(--awb-color8-l),calc(var(--awb-color8-a) - 92%));;--awb-border-color:var(--awb-color3);--awb-border-top:1px;--awb-border-right:1px;--awb-border-bottom:1px;--awb-border-left:1px;--awb-border-style:solid;--awb-border-radius:16px 16px 16px 16px;--awb-flex-grow:0;--awb-flex-shrink:0;--awb-flex-grow-medium:0;--awb-flex-shrink-medium:0;--awb-flex-grow-small:0;--awb-flex-shrink-small:0;\" data-scroll-devices=\"small-visibility,medium-visibility,large-visibility\" data-animationType=\"fadeInLeft\" data-animationDuration=\"0.3\" data-animationOffset=\"top-into-view\"><div class=\"fusion-column-wrapper fusion-column-has-shadow fusion-flex-justify-content-flex-start fusion-content-layout-column\"><div class=\"fusion-image-element \" style=\"text-align:center;--awb-aspect-ratio:16 \/ 9;--awb-margin-top:40px;--awb-margin-right:40px;--awb-margin-bottom:30px;--awb-margin-left:40px;--awb-caption-title-font-family:var(--h2_typography-font-family);--awb-caption-title-font-weight:var(--h2_typography-font-weight);--awb-caption-title-font-style:var(--h2_typography-font-style);--awb-caption-title-size:var(--h2_typography-font-size);--awb-caption-title-transform:var(--h2_typography-text-transform);--awb-caption-title-line-height:var(--h2_typography-line-height);--awb-caption-title-letter-spacing:var(--h2_typography-letter-spacing);\"><span class=\" fusion-imageframe imageframe-dropshadow imageframe-8 hover-type-none has-aspect-ratio fusion-animated\" style=\"border-radius:15px;-webkit-box-shadow: 3px 3px 7px var(--awb-color7);box-shadow: 3px 3px 7px var(--awb-color7);\" data-animationType=\"fadeInLeft\" data-animationDuration=\"0.3\" data-animationOffset=\"top-into-view\"><a class=\"fusion-no-lightbox\" href=\"https:\/\/cklcomunicaciones.es\/coop\/imaginas-parque-que-no-hicieran-falta-papeleras-proyecto-zero-waste-urban-parks-gestion-sostenible-de-los-parques-urbanos-si\/\" target=\"_self\" aria-label=\"ACPP-A_ZWUP_encuentro-final_\"><img decoding=\"async\" width=\"2560\" height=\"1440\" src=\"https:\/\/cklcomunicaciones.es\/coop\/wp-content\/uploads\/ACPP-A_ZWUP_encuentro-final_-scaled.jpg\" data-orig-src=\"https:\/\/cklcomunicaciones.es\/coop\/wp-content\/uploads\/ACPP-A_ZWUP_encuentro-final_-scaled.jpg\" class=\"lazyload img-responsive wp-image-24465 img-with-aspect-ratio\" data-parent-fit=\"cover\" data-parent-container=\".fusion-image-element\" alt srcset=\"data:image\/svg+xml,%3Csvg%20xmlns%3D%27http%3A%2F%2Fwww.w3.org%2F2000%2Fsvg%27%20width%3D%272560%27%20height%3D%271440%27%20viewBox%3D%270%200%202560%201440%27%3E%3Crect%20width%3D%272560%27%20height%3D%271440%27%20fill-opacity%3D%220%22%2F%3E%3C%2Fsvg%3E\" data-srcset=\"https:\/\/cklcomunicaciones.es\/coop\/wp-content\/uploads\/ACPP-A_ZWUP_encuentro-final_-200x113.jpg 200w, https:\/\/cklcomunicaciones.es\/coop\/wp-content\/uploads\/ACPP-A_ZWUP_encuentro-final_-400x225.jpg 400w, https:\/\/cklcomunicaciones.es\/coop\/wp-content\/uploads\/ACPP-A_ZWUP_encuentro-final_-600x338.jpg 600w, https:\/\/cklcomunicaciones.es\/coop\/wp-content\/uploads\/ACPP-A_ZWUP_encuentro-final_-1200x675.jpg 1200w, https:\/\/cklcomunicaciones.es\/coop\/wp-content\/uploads\/ACPP-A_ZWUP_encuentro-final_-scaled.jpg 2560w\" data-sizes=\"auto\" data-orig-sizes=\"(max-width: 640px) 100vw, 2560px\" \/><\/a><\/span><\/div><div class=\"fusion-text fusion-text-8\" style=\"--awb-content-alignment:center;--awb-font-size:12px;--awb-user-select:none;--awb-margin-right:20px;--awb-margin-left:20px;--awb-text-font-family:&quot;Inter&quot;;--awb-text-font-style:normal;--awb-text-font-weight:200;\"><p>15 mayo, 2025<\/p>\n<\/div><div class=\"fusion-title title fusion-title-15 fusion-sep-none fusion-title-center fusion-title-text fusion-title-size-three\" style=\"--awb-text-color:var(--awb-color4);--awb-margin-top:20px;--awb-margin-right:30px;--awb-margin-bottom:10px;--awb-margin-left:30px;--awb-margin-top-small:4px;--awb-margin-right-small:0px;--awb-margin-bottom-small:16px;--awb-margin-left-small:0px;--awb-link-hover-color:hsla(var(--awb-color6-h),var(--awb-color6-s),calc(var(--awb-color6-l) - 15%),var(--awb-color6-a));--awb-font-size:24px;\"><h3 class=\"fusion-title-heading title-heading-center fusion-responsive-typography-calculated\" style=\"margin:0;font-size:1em;--fontSize:24;line-height:var(--awb-typography1-line-height);\"><a href=\"https:\/\/cklcomunicaciones.es\/coop\/imaginas-parque-que-no-hicieran-falta-papeleras-proyecto-zero-waste-urban-parks-gestion-sostenible-de-los-parques-urbanos-si\/\" class=\"awb-custom-text-color awb-custom-text-hover-color\" target=\"_self\">\u00bfImaginas un parque en el que no hicieran falta papeleras? El proyecto &#8216;Zero Waste Urban Parks&#8217; de gesti\u00f3n sostenible de los parques urbanos, s\u00ed<\/a><\/h3><\/div><div class=\"fusion-title title fusion-title-16 fusion-sep-none fusion-title-center fusion-title-text fusion-title-size-div\" style=\"--awb-text-color:var(--awb-color5);--awb-margin-top:0px;--awb-margin-right:30px;--awb-margin-bottom:30px;--awb-margin-left:30px;--awb-margin-top-small:10px;--awb-margin-right-small:0px;--awb-margin-bottom-small:10px;--awb-margin-left-small:0px;--awb-font-size:12px;\"><div class=\"fusion-title-heading title-heading-center title-heading-tag fusion-responsive-typography-calculated\" style=\"font-family:&quot;Inter&quot;;font-style:normal;font-weight:200;margin:0;letter-spacing:var(--awb-typography2-letter-spacing);text-transform:uppercase;font-size:1em;--fontSize:12;--minFontSize:12;line-height:var(--awb-typography2-line-height);\">Actualidad | noticias destacadas<\/div><\/div><\/div><\/li>\n<li class=\"fusion-layout-column fusion_builder_column fusion-builder-column-9 fusion-flex-column post-card fusion-grid-column fusion-post-cards-grid-column fusion-animated\" style=\"--awb-overflow:hidden;--awb-bg-color:var(--awb-color1);--awb-bg-color-hover:var(--awb-color1);--awb-bg-size:cover;--awb-box-shadow:5px 5px 52px -24px hsla(var(--awb-color8-h),var(--awb-color8-s),var(--awb-color8-l),calc(var(--awb-color8-a) - 92%));;--awb-border-color:var(--awb-color3);--awb-border-top:1px;--awb-border-right:1px;--awb-border-bottom:1px;--awb-border-left:1px;--awb-border-style:solid;--awb-border-radius:16px 16px 16px 16px;--awb-flex-grow:0;--awb-flex-shrink:0;--awb-flex-grow-medium:0;--awb-flex-shrink-medium:0;--awb-flex-grow-small:0;--awb-flex-shrink-small:0;\" data-scroll-devices=\"small-visibility,medium-visibility,large-visibility\" data-animationType=\"fadeInLeft\" data-animationDuration=\"0.3\" data-animationOffset=\"top-into-view\"><div class=\"fusion-column-wrapper fusion-column-has-shadow fusion-flex-justify-content-flex-start fusion-content-layout-column\"><div class=\"fusion-image-element \" style=\"text-align:center;--awb-aspect-ratio:16 \/ 9;--awb-margin-top:40px;--awb-margin-right:40px;--awb-margin-bottom:30px;--awb-margin-left:40px;--awb-caption-title-font-family:var(--h2_typography-font-family);--awb-caption-title-font-weight:var(--h2_typography-font-weight);--awb-caption-title-font-style:var(--h2_typography-font-style);--awb-caption-title-size:var(--h2_typography-font-size);--awb-caption-title-transform:var(--h2_typography-text-transform);--awb-caption-title-line-height:var(--h2_typography-line-height);--awb-caption-title-letter-spacing:var(--h2_typography-letter-spacing);\"><span class=\" fusion-imageframe imageframe-dropshadow imageframe-9 hover-type-none has-aspect-ratio fusion-animated\" style=\"border-radius:15px;-webkit-box-shadow: 3px 3px 7px var(--awb-color7);box-shadow: 3px 3px 7px var(--awb-color7);\" data-animationType=\"fadeInLeft\" data-animationDuration=\"0.3\" data-animationOffset=\"top-into-view\"><a class=\"fusion-no-lightbox\" href=\"https:\/\/cklcomunicaciones.es\/coop\/parques-urbanos-residuos-cero-andalucia-iniciativa-pionera-centrada-sostenibilidad-reduccion-residuos\/\" target=\"_self\" aria-label=\"ACPP-A-Encuentro-final-Zero-Waste-Urban-Parks-Sevilla\"><img decoding=\"async\" width=\"1338\" height=\"753\" src=\"https:\/\/cklcomunicaciones.es\/coop\/wp-content\/uploads\/ACPP-A_Encuentro-Zero-Waste-Urban-Parks-EU_Andalucia-junio2023-1.jpg\" data-orig-src=\"https:\/\/cklcomunicaciones.es\/coop\/wp-content\/uploads\/ACPP-A_Encuentro-Zero-Waste-Urban-Parks-EU_Andalucia-junio2023-1.jpg\" class=\"lazyload img-responsive wp-image-24459 img-with-aspect-ratio\" data-parent-fit=\"cover\" data-parent-container=\".fusion-image-element\" alt srcset=\"data:image\/svg+xml,%3Csvg%20xmlns%3D%27http%3A%2F%2Fwww.w3.org%2F2000%2Fsvg%27%20width%3D%271338%27%20height%3D%27753%27%20viewBox%3D%270%200%201338%20753%27%3E%3Crect%20width%3D%271338%27%20height%3D%27753%27%20fill-opacity%3D%220%22%2F%3E%3C%2Fsvg%3E\" data-srcset=\"https:\/\/cklcomunicaciones.es\/coop\/wp-content\/uploads\/ACPP-A_Encuentro-Zero-Waste-Urban-Parks-EU_Andalucia-junio2023-1-200x113.jpg 200w, https:\/\/cklcomunicaciones.es\/coop\/wp-content\/uploads\/ACPP-A_Encuentro-Zero-Waste-Urban-Parks-EU_Andalucia-junio2023-1-400x225.jpg 400w, https:\/\/cklcomunicaciones.es\/coop\/wp-content\/uploads\/ACPP-A_Encuentro-Zero-Waste-Urban-Parks-EU_Andalucia-junio2023-1-600x338.jpg 600w, https:\/\/cklcomunicaciones.es\/coop\/wp-content\/uploads\/ACPP-A_Encuentro-Zero-Waste-Urban-Parks-EU_Andalucia-junio2023-1-1200x675.jpg 1200w, https:\/\/cklcomunicaciones.es\/coop\/wp-content\/uploads\/ACPP-A_Encuentro-Zero-Waste-Urban-Parks-EU_Andalucia-junio2023-1.jpg 1338w\" data-sizes=\"auto\" data-orig-sizes=\"(max-width: 640px) 100vw, 1338px\" \/><\/a><\/span><\/div><div class=\"fusion-text fusion-text-9\" style=\"--awb-content-alignment:center;--awb-font-size:12px;--awb-user-select:none;--awb-margin-right:20px;--awb-margin-left:20px;--awb-text-font-family:&quot;Inter&quot;;--awb-text-font-style:normal;--awb-text-font-weight:200;\"><p>12 mayo, 2025<\/p>\n<\/div><div class=\"fusion-title title fusion-title-17 fusion-sep-none fusion-title-center fusion-title-text fusion-title-size-three\" style=\"--awb-text-color:var(--awb-color4);--awb-margin-top:20px;--awb-margin-right:30px;--awb-margin-bottom:10px;--awb-margin-left:30px;--awb-margin-top-small:4px;--awb-margin-right-small:0px;--awb-margin-bottom-small:16px;--awb-margin-left-small:0px;--awb-link-hover-color:hsla(var(--awb-color6-h),var(--awb-color6-s),calc(var(--awb-color6-l) - 15%),var(--awb-color6-a));--awb-font-size:24px;\"><h3 class=\"fusion-title-heading title-heading-center fusion-responsive-typography-calculated\" style=\"margin:0;font-size:1em;--fontSize:24;line-height:var(--awb-typography1-line-height);\"><a href=\"https:\/\/cklcomunicaciones.es\/coop\/parques-urbanos-residuos-cero-andalucia-iniciativa-pionera-centrada-sostenibilidad-reduccion-residuos\/\" class=\"awb-custom-text-color awb-custom-text-hover-color\" target=\"_self\">Parques Urbanos de Residuos Cero en Andaluc\u00eda, una iniciativa pionera centrada en la sostenibilidad y la reducci\u00f3n de residuos<\/a><\/h3><\/div><div class=\"fusion-title title fusion-title-18 fusion-sep-none fusion-title-center fusion-title-text fusion-title-size-div\" style=\"--awb-text-color:var(--awb-color5);--awb-margin-top:0px;--awb-margin-right:30px;--awb-margin-bottom:30px;--awb-margin-left:30px;--awb-margin-top-small:10px;--awb-margin-right-small:0px;--awb-margin-bottom-small:10px;--awb-margin-left-small:0px;--awb-font-size:12px;\"><div class=\"fusion-title-heading title-heading-center title-heading-tag fusion-responsive-typography-calculated\" style=\"font-family:&quot;Inter&quot;;font-style:normal;font-weight:200;margin:0;letter-spacing:var(--awb-typography2-letter-spacing);text-transform:uppercase;font-size:1em;--fontSize:12;--minFontSize:12;line-height:var(--awb-typography2-line-height);\">Actualidad | noticias destacadas<\/div><\/div><\/div><\/li>\n<li class=\"fusion-layout-column fusion_builder_column fusion-builder-column-10 fusion-flex-column post-card fusion-grid-column fusion-post-cards-grid-column fusion-animated\" style=\"--awb-overflow:hidden;--awb-bg-color:var(--awb-color1);--awb-bg-color-hover:var(--awb-color1);--awb-bg-size:cover;--awb-box-shadow:5px 5px 52px -24px hsla(var(--awb-color8-h),var(--awb-color8-s),var(--awb-color8-l),calc(var(--awb-color8-a) - 92%));;--awb-border-color:var(--awb-color3);--awb-border-top:1px;--awb-border-right:1px;--awb-border-bottom:1px;--awb-border-left:1px;--awb-border-style:solid;--awb-border-radius:16px 16px 16px 16px;--awb-flex-grow:0;--awb-flex-shrink:0;--awb-flex-grow-medium:0;--awb-flex-shrink-medium:0;--awb-flex-grow-small:0;--awb-flex-shrink-small:0;\" data-scroll-devices=\"small-visibility,medium-visibility,large-visibility\" data-animationType=\"fadeInLeft\" data-animationDuration=\"0.3\" data-animationOffset=\"top-into-view\"><div class=\"fusion-column-wrapper fusion-column-has-shadow fusion-flex-justify-content-flex-start fusion-content-layout-column\"><div class=\"fusion-image-element \" style=\"text-align:center;--awb-aspect-ratio:16 \/ 9;--awb-margin-top:40px;--awb-margin-right:40px;--awb-margin-bottom:30px;--awb-margin-left:40px;--awb-caption-title-font-family:var(--h2_typography-font-family);--awb-caption-title-font-weight:var(--h2_typography-font-weight);--awb-caption-title-font-style:var(--h2_typography-font-style);--awb-caption-title-size:var(--h2_typography-font-size);--awb-caption-title-transform:var(--h2_typography-text-transform);--awb-caption-title-line-height:var(--h2_typography-line-height);--awb-caption-title-letter-spacing:var(--h2_typography-letter-spacing);\"><span class=\" fusion-imageframe imageframe-dropshadow imageframe-10 hover-type-none has-aspect-ratio fusion-animated\" style=\"border-radius:15px;-webkit-box-shadow: 3px 3px 7px var(--awb-color7);box-shadow: 3px 3px 7px var(--awb-color7);\" data-animationType=\"fadeInLeft\" data-animationDuration=\"0.3\" data-animationOffset=\"top-into-view\"><a class=\"fusion-no-lightbox\" href=\"https:\/\/cklcomunicaciones.es\/coop\/campana-8m-nuestra-voz-mas-alta-mas-clara-mas-fuerte\/\" target=\"_self\" aria-label=\"8M2025Nuestra voz mas alta 16-9\"><img decoding=\"async\" width=\"826\" height=\"465\" src=\"https:\/\/cklcomunicaciones.es\/coop\/wp-content\/uploads\/8M2025Nuestra-voz-mas-alta-16-9.jpg\" data-orig-src=\"https:\/\/cklcomunicaciones.es\/coop\/wp-content\/uploads\/8M2025Nuestra-voz-mas-alta-16-9.jpg\" class=\"lazyload img-responsive wp-image-24376 img-with-aspect-ratio\" data-parent-fit=\"cover\" data-parent-container=\".fusion-image-element\" alt srcset=\"data:image\/svg+xml,%3Csvg%20xmlns%3D%27http%3A%2F%2Fwww.w3.org%2F2000%2Fsvg%27%20width%3D%27826%27%20height%3D%27465%27%20viewBox%3D%270%200%20826%20465%27%3E%3Crect%20width%3D%27826%27%20height%3D%27465%27%20fill-opacity%3D%220%22%2F%3E%3C%2Fsvg%3E\" data-srcset=\"https:\/\/cklcomunicaciones.es\/coop\/wp-content\/uploads\/8M2025Nuestra-voz-mas-alta-16-9-200x113.jpg 200w, https:\/\/cklcomunicaciones.es\/coop\/wp-content\/uploads\/8M2025Nuestra-voz-mas-alta-16-9-400x225.jpg 400w, https:\/\/cklcomunicaciones.es\/coop\/wp-content\/uploads\/8M2025Nuestra-voz-mas-alta-16-9-600x338.jpg 600w, https:\/\/cklcomunicaciones.es\/coop\/wp-content\/uploads\/8M2025Nuestra-voz-mas-alta-16-9.jpg 826w\" data-sizes=\"auto\" data-orig-sizes=\"(max-width: 640px) 100vw, 826px\" \/><\/a><\/span><\/div><div class=\"fusion-text fusion-text-10\" style=\"--awb-content-alignment:center;--awb-font-size:12px;--awb-user-select:none;--awb-margin-right:20px;--awb-margin-left:20px;--awb-text-font-family:&quot;Inter&quot;;--awb-text-font-style:normal;--awb-text-font-weight:200;\"><p>8 marzo, 2025<\/p>\n<\/div><div class=\"fusion-title title fusion-title-19 fusion-sep-none fusion-title-center fusion-title-text fusion-title-size-three\" style=\"--awb-text-color:var(--awb-color4);--awb-margin-top:20px;--awb-margin-right:30px;--awb-margin-bottom:10px;--awb-margin-left:30px;--awb-margin-top-small:4px;--awb-margin-right-small:0px;--awb-margin-bottom-small:16px;--awb-margin-left-small:0px;--awb-link-hover-color:hsla(var(--awb-color6-h),var(--awb-color6-s),calc(var(--awb-color6-l) - 15%),var(--awb-color6-a));--awb-font-size:24px;\"><h3 class=\"fusion-title-heading title-heading-center fusion-responsive-typography-calculated\" style=\"margin:0;font-size:1em;--fontSize:24;line-height:var(--awb-typography1-line-height);\"><a href=\"https:\/\/cklcomunicaciones.es\/coop\/campana-8m-nuestra-voz-mas-alta-mas-clara-mas-fuerte\/\" class=\"awb-custom-text-color awb-custom-text-hover-color\" target=\"_self\">Campa\u00f1a 8M \u00abNuestra voz. M\u00e1s alta. M\u00e1s clara. M\u00e1s fuerte\u00bb<\/a><\/h3><\/div><div class=\"fusion-title title fusion-title-20 fusion-sep-none fusion-title-center fusion-title-text fusion-title-size-div\" style=\"--awb-text-color:var(--awb-color5);--awb-margin-top:0px;--awb-margin-right:30px;--awb-margin-bottom:30px;--awb-margin-left:30px;--awb-margin-top-small:10px;--awb-margin-right-small:0px;--awb-margin-bottom-small:10px;--awb-margin-left-small:0px;--awb-font-size:12px;\"><div class=\"fusion-title-heading title-heading-center title-heading-tag fusion-responsive-typography-calculated\" style=\"font-family:&quot;Inter&quot;;font-style:normal;font-weight:200;margin:0;letter-spacing:var(--awb-typography2-letter-spacing);text-transform:uppercase;font-size:1em;--fontSize:12;--minFontSize:12;line-height:var(--awb-typography2-line-height);\">Actualidad | noticias destacadas<\/div><\/div><\/div><\/li>\n<li class=\"fusion-layout-column fusion_builder_column fusion-builder-column-11 fusion-flex-column post-card fusion-grid-column fusion-post-cards-grid-column fusion-animated\" style=\"--awb-overflow:hidden;--awb-bg-color:var(--awb-color1);--awb-bg-color-hover:var(--awb-color1);--awb-bg-size:cover;--awb-box-shadow:5px 5px 52px -24px hsla(var(--awb-color8-h),var(--awb-color8-s),var(--awb-color8-l),calc(var(--awb-color8-a) - 92%));;--awb-border-color:var(--awb-color3);--awb-border-top:1px;--awb-border-right:1px;--awb-border-bottom:1px;--awb-border-left:1px;--awb-border-style:solid;--awb-border-radius:16px 16px 16px 16px;--awb-flex-grow:0;--awb-flex-shrink:0;--awb-flex-grow-medium:0;--awb-flex-shrink-medium:0;--awb-flex-grow-small:0;--awb-flex-shrink-small:0;\" data-scroll-devices=\"small-visibility,medium-visibility,large-visibility\" data-animationType=\"fadeInLeft\" data-animationDuration=\"0.3\" data-animationOffset=\"top-into-view\"><div class=\"fusion-column-wrapper fusion-column-has-shadow fusion-flex-justify-content-flex-start fusion-content-layout-column\"><div class=\"fusion-image-element \" style=\"text-align:center;--awb-aspect-ratio:16 \/ 9;--awb-margin-top:40px;--awb-margin-right:40px;--awb-margin-bottom:30px;--awb-margin-left:40px;--awb-caption-title-font-family:var(--h2_typography-font-family);--awb-caption-title-font-weight:var(--h2_typography-font-weight);--awb-caption-title-font-style:var(--h2_typography-font-style);--awb-caption-title-size:var(--h2_typography-font-size);--awb-caption-title-transform:var(--h2_typography-text-transform);--awb-caption-title-line-height:var(--h2_typography-line-height);--awb-caption-title-letter-spacing:var(--h2_typography-letter-spacing);\"><span class=\" fusion-imageframe imageframe-dropshadow imageframe-11 hover-type-none has-aspect-ratio fusion-animated\" style=\"border-radius:15px;-webkit-box-shadow: 3px 3px 7px var(--awb-color7);box-shadow: 3px 3px 7px var(--awb-color7);\" data-animationType=\"fadeInLeft\" data-animationDuration=\"0.3\" data-animationOffset=\"top-into-view\"><a class=\"fusion-no-lightbox\" href=\"https:\/\/cklcomunicaciones.es\/coop\/ayudas-economia-social-movilizado-2500-millones-4461-entidades\/\" target=\"_self\" aria-label=\"MITES\"><img decoding=\"async\" width=\"1200\" height=\"799\" src=\"https:\/\/cklcomunicaciones.es\/coop\/wp-content\/uploads\/foto-ministerio_MITES-gabinete-com.jpg\" data-orig-src=\"https:\/\/cklcomunicaciones.es\/coop\/wp-content\/uploads\/foto-ministerio_MITES-gabinete-com.jpg\" class=\"lazyload img-responsive wp-image-24082 img-with-aspect-ratio\" data-parent-fit=\"cover\" data-parent-container=\".fusion-image-element\" alt srcset=\"data:image\/svg+xml,%3Csvg%20xmlns%3D%27http%3A%2F%2Fwww.w3.org%2F2000%2Fsvg%27%20width%3D%271200%27%20height%3D%27799%27%20viewBox%3D%270%200%201200%20799%27%3E%3Crect%20width%3D%271200%27%20height%3D%27799%27%20fill-opacity%3D%220%22%2F%3E%3C%2Fsvg%3E\" data-srcset=\"https:\/\/cklcomunicaciones.es\/coop\/wp-content\/uploads\/foto-ministerio_MITES-gabinete-com-200x133.jpg 200w, https:\/\/cklcomunicaciones.es\/coop\/wp-content\/uploads\/foto-ministerio_MITES-gabinete-com-400x266.jpg 400w, https:\/\/cklcomunicaciones.es\/coop\/wp-content\/uploads\/foto-ministerio_MITES-gabinete-com-600x400.jpg 600w, https:\/\/cklcomunicaciones.es\/coop\/wp-content\/uploads\/foto-ministerio_MITES-gabinete-com.jpg 1200w\" data-sizes=\"auto\" data-orig-sizes=\"(max-width: 640px) 100vw, 1200px\" \/><\/a><\/span><\/div><div class=\"fusion-text fusion-text-11\" style=\"--awb-content-alignment:center;--awb-font-size:12px;--awb-user-select:none;--awb-margin-right:20px;--awb-margin-left:20px;--awb-text-font-family:&quot;Inter&quot;;--awb-text-font-style:normal;--awb-text-font-weight:200;\"><p>19 febrero, 2025<\/p>\n<\/div><div class=\"fusion-title title fusion-title-21 fusion-sep-none fusion-title-center fusion-title-text fusion-title-size-three\" style=\"--awb-text-color:var(--awb-color4);--awb-margin-top:20px;--awb-margin-right:30px;--awb-margin-bottom:10px;--awb-margin-left:30px;--awb-margin-top-small:4px;--awb-margin-right-small:0px;--awb-margin-bottom-small:16px;--awb-margin-left-small:0px;--awb-link-hover-color:hsla(var(--awb-color6-h),var(--awb-color6-s),calc(var(--awb-color6-l) - 15%),var(--awb-color6-a));--awb-font-size:24px;\"><h3 class=\"fusion-title-heading title-heading-center fusion-responsive-typography-calculated\" style=\"margin:0;font-size:1em;--fontSize:24;line-height:var(--awb-typography1-line-height);\"><a href=\"https:\/\/cklcomunicaciones.es\/coop\/ayudas-economia-social-movilizado-2500-millones-4461-entidades\/\" class=\"awb-custom-text-color awb-custom-text-hover-color\" target=\"_self\">Las ayudas a la econom\u00eda social han movilizado 2.500 millones de euros y llegado a 4.461 entidades<\/a><\/h3><\/div><div class=\"fusion-title title fusion-title-22 fusion-sep-none fusion-title-center fusion-title-text fusion-title-size-div\" style=\"--awb-text-color:var(--awb-color5);--awb-margin-top:0px;--awb-margin-right:30px;--awb-margin-bottom:30px;--awb-margin-left:30px;--awb-margin-top-small:10px;--awb-margin-right-small:0px;--awb-margin-bottom-small:10px;--awb-margin-left-small:0px;--awb-font-size:12px;\"><div class=\"fusion-title-heading title-heading-center title-heading-tag fusion-responsive-typography-calculated\" style=\"font-family:&quot;Inter&quot;;font-style:normal;font-weight:200;margin:0;letter-spacing:var(--awb-typography2-letter-spacing);text-transform:uppercase;font-size:1em;--fontSize:12;--minFontSize:12;line-height:var(--awb-typography2-line-height);\">Actualidad | noticias destacadas<\/div><\/div><\/div><\/li>\n<li class=\"fusion-layout-column fusion_builder_column fusion-builder-column-12 fusion-flex-column post-card fusion-grid-column fusion-post-cards-grid-column fusion-animated\" style=\"--awb-overflow:hidden;--awb-bg-color:var(--awb-color1);--awb-bg-color-hover:var(--awb-color1);--awb-bg-size:cover;--awb-box-shadow:5px 5px 52px -24px hsla(var(--awb-color8-h),var(--awb-color8-s),var(--awb-color8-l),calc(var(--awb-color8-a) - 92%));;--awb-border-color:var(--awb-color3);--awb-border-top:1px;--awb-border-right:1px;--awb-border-bottom:1px;--awb-border-left:1px;--awb-border-style:solid;--awb-border-radius:16px 16px 16px 16px;--awb-flex-grow:0;--awb-flex-shrink:0;--awb-flex-grow-medium:0;--awb-flex-shrink-medium:0;--awb-flex-grow-small:0;--awb-flex-shrink-small:0;\" data-scroll-devices=\"small-visibility,medium-visibility,large-visibility\" data-animationType=\"fadeInLeft\" data-animationDuration=\"0.3\" data-animationOffset=\"top-into-view\"><div class=\"fusion-column-wrapper fusion-column-has-shadow fusion-flex-justify-content-flex-start fusion-content-layout-column\"><div class=\"fusion-image-element \" style=\"text-align:center;--awb-aspect-ratio:16 \/ 9;--awb-margin-top:40px;--awb-margin-right:40px;--awb-margin-bottom:30px;--awb-margin-left:40px;--awb-caption-title-font-family:var(--h2_typography-font-family);--awb-caption-title-font-weight:var(--h2_typography-font-weight);--awb-caption-title-font-style:var(--h2_typography-font-style);--awb-caption-title-size:var(--h2_typography-font-size);--awb-caption-title-transform:var(--h2_typography-text-transform);--awb-caption-title-line-height:var(--h2_typography-line-height);--awb-caption-title-letter-spacing:var(--h2_typography-letter-spacing);\"><span class=\" fusion-imageframe imageframe-dropshadow imageframe-12 hover-type-none has-aspect-ratio fusion-animated\" style=\"border-radius:15px;-webkit-box-shadow: 3px 3px 7px var(--awb-color7);box-shadow: 3px 3px 7px var(--awb-color7);\" data-animationType=\"fadeInLeft\" data-animationDuration=\"0.3\" data-animationOffset=\"top-into-view\"><a class=\"fusion-no-lightbox\" href=\"https:\/\/cklcomunicaciones.es\/coop\/20-anos-innovando-conectando-ideas-creando-impacto\/\" target=\"_self\" aria-label=\"CKL Conectando Presentacion enero 2025-2\"><img decoding=\"async\" width=\"1920\" height=\"1080\" src=\"https:\/\/cklcomunicaciones.es\/coop\/wp-content\/uploads\/CKL-Conectando-Presentacion-enero-2025-2.png\" data-orig-src=\"https:\/\/cklcomunicaciones.es\/coop\/wp-content\/uploads\/CKL-Conectando-Presentacion-enero-2025-2.png\" class=\"lazyload img-responsive wp-image-24717 img-with-aspect-ratio\" data-parent-fit=\"cover\" data-parent-container=\".fusion-image-element\" alt srcset=\"data:image\/svg+xml,%3Csvg%20xmlns%3D%27http%3A%2F%2Fwww.w3.org%2F2000%2Fsvg%27%20width%3D%271920%27%20height%3D%271080%27%20viewBox%3D%270%200%201920%201080%27%3E%3Crect%20width%3D%271920%27%20height%3D%271080%27%20fill-opacity%3D%220%22%2F%3E%3C%2Fsvg%3E\" data-srcset=\"https:\/\/cklcomunicaciones.es\/coop\/wp-content\/uploads\/CKL-Conectando-Presentacion-enero-2025-2-200x113.png 200w, https:\/\/cklcomunicaciones.es\/coop\/wp-content\/uploads\/CKL-Conectando-Presentacion-enero-2025-2-400x225.png 400w, https:\/\/cklcomunicaciones.es\/coop\/wp-content\/uploads\/CKL-Conectando-Presentacion-enero-2025-2-600x338.png 600w, https:\/\/cklcomunicaciones.es\/coop\/wp-content\/uploads\/CKL-Conectando-Presentacion-enero-2025-2-1200x675.png 1200w, https:\/\/cklcomunicaciones.es\/coop\/wp-content\/uploads\/CKL-Conectando-Presentacion-enero-2025-2.png 1920w\" data-sizes=\"auto\" data-orig-sizes=\"(max-width: 640px) 100vw, 1920px\" \/><\/a><\/span><\/div><div class=\"fusion-text fusion-text-12\" style=\"--awb-content-alignment:center;--awb-font-size:12px;--awb-user-select:none;--awb-margin-right:20px;--awb-margin-left:20px;--awb-text-font-family:&quot;Inter&quot;;--awb-text-font-style:normal;--awb-text-font-weight:200;\"><p>31 enero, 2025<\/p>\n<\/div><div class=\"fusion-title title fusion-title-23 fusion-sep-none fusion-title-center fusion-title-text fusion-title-size-three\" style=\"--awb-text-color:var(--awb-color4);--awb-margin-top:20px;--awb-margin-right:30px;--awb-margin-bottom:10px;--awb-margin-left:30px;--awb-margin-top-small:4px;--awb-margin-right-small:0px;--awb-margin-bottom-small:16px;--awb-margin-left-small:0px;--awb-link-hover-color:hsla(var(--awb-color6-h),var(--awb-color6-s),calc(var(--awb-color6-l) - 15%),var(--awb-color6-a));--awb-font-size:24px;\"><h3 class=\"fusion-title-heading title-heading-center fusion-responsive-typography-calculated\" style=\"margin:0;font-size:1em;--fontSize:24;line-height:var(--awb-typography1-line-height);\"><a href=\"https:\/\/cklcomunicaciones.es\/coop\/20-anos-innovando-conectando-ideas-creando-impacto\/\" class=\"awb-custom-text-color awb-custom-text-hover-color\" target=\"_self\">CKL Comunicaciones: 20 a\u00f1os innovando, conectando ideas y creando impacto<\/a><\/h3><\/div><div class=\"fusion-title title fusion-title-24 fusion-sep-none fusion-title-center fusion-title-text fusion-title-size-div\" style=\"--awb-text-color:var(--awb-color5);--awb-margin-top:0px;--awb-margin-right:30px;--awb-margin-bottom:30px;--awb-margin-left:30px;--awb-margin-top-small:10px;--awb-margin-right-small:0px;--awb-margin-bottom-small:10px;--awb-margin-left-small:0px;--awb-font-size:12px;\"><div class=\"fusion-title-heading title-heading-center title-heading-tag fusion-responsive-typography-calculated\" style=\"font-family:&quot;Inter&quot;;font-style:normal;font-weight:200;margin:0;letter-spacing:var(--awb-typography2-letter-spacing);text-transform:uppercase;font-size:1em;--fontSize:12;--minFontSize:12;line-height:var(--awb-typography2-line-height);\">Actualidad | noticias destacadas<\/div><\/div><\/div><\/li>\n<\/ul><div class=\"fusion-infinite-scroll-trigger\"><\/div><div class=\"pagination infinite-scroll clearfix\" style=\"display:none;\"><span class=\"current\">1<\/span><a href=\"https:\/\/cklcomunicaciones.es\/coop\/wp-json\/wp\/v2\/pages\/12730\/page\/2\/\" class=\"inactive\">2<\/a><a class=\"pagination-next\" rel=\"next\" href=\"https:\/\/cklcomunicaciones.es\/coop\/wp-json\/wp\/v2\/pages\/12730\/page\/2\/\"><span class=\"page-text\">Siguiente<\/span><span class=\"page-next\"><\/span><\/a><\/div><div class=\"fusion-clearfix\"><\/div><button class=\"fusion-load-more-button fusion-product-button fusion-clearfix\">Cargar m\u00e1s Entradas<\/button><\/div><\/div><\/div><\/div><\/div>\n","protected":false},"excerpt":{"rendered":"","protected":false},"author":3,"featured_media":0,"parent":0,"menu_order":0,"comment_status":"closed","ping_status":"closed","template":"100-width.php","meta":{"footnotes":""},"class_list":["post-12730","page","type-page","status-publish","hentry"],"yoast_head":"<!-- This site is optimized with the Yoast SEO plugin v27.5 - https:\/\/yoast.com\/product\/yoast-seo-wordpress\/ -->\n<title>Actualidad - CKL Comunicaciones<\/title>\n<meta name=\"robots\" content=\"index, follow, max-snippet:-1, max-image-preview:large, max-video-preview:-1\" \/>\n<link rel=\"canonical\" href=\"https:\/\/cklcomunicaciones.es\/coop\/actualidad\/\" \/>\n<meta property=\"og:locale\" content=\"es_ES\" \/>\n<meta property=\"og:type\" content=\"article\" \/>\n<meta property=\"og:title\" content=\"Actualidad - CKL Comunicaciones\" \/>\n<meta property=\"og:url\" content=\"https:\/\/cklcomunicaciones.es\/coop\/actualidad\/\" \/>\n<meta property=\"og:site_name\" content=\"CKL Comunicaciones\" \/>\n<meta property=\"article:modified_time\" content=\"2025-03-31T16:48:28+00:00\" \/>\n<meta property=\"og:image\" content=\"https:\/\/cklcomunicaciones.es\/coop\/wp-content\/uploads\/2021\/04\/CKL-MiradaDistinta-newsletter2021_1200-x-675.jpg\" \/>\n\t<meta property=\"og:image:width\" content=\"1200\" \/>\n\t<meta property=\"og:image:height\" content=\"676\" \/>\n\t<meta property=\"og:image:type\" content=\"image\/jpeg\" \/>\n<meta name=\"twitter:card\" content=\"summary_large_image\" \/>\n<meta name=\"twitter:label1\" content=\"Tiempo de lectura\" \/>\n\t<meta name=\"twitter:data1\" content=\"1 minuto\" \/>\n<script type=\"application\/ld+json\" class=\"yoast-schema-graph\">{\"@context\":\"https:\\\/\\\/schema.org\",\"@graph\":[{\"@type\":\"WebPage\",\"@id\":\"https:\\\/\\\/cklcomunicaciones.es\\\/coop\\\/actualidad\\\/\",\"url\":\"https:\\\/\\\/cklcomunicaciones.es\\\/coop\\\/actualidad\\\/\",\"name\":\"Actualidad - CKL Comunicaciones\",\"isPartOf\":{\"@id\":\"https:\\\/\\\/cklcomunicaciones.es\\\/coop\\\/#website\"},\"datePublished\":\"2017-11-11T13:11:58+00:00\",\"dateModified\":\"2025-03-31T16:48:28+00:00\",\"breadcrumb\":{\"@id\":\"https:\\\/\\\/cklcomunicaciones.es\\\/coop\\\/actualidad\\\/#breadcrumb\"},\"inLanguage\":\"es\",\"potentialAction\":[{\"@type\":\"ReadAction\",\"target\":[\"https:\\\/\\\/cklcomunicaciones.es\\\/coop\\\/actualidad\\\/\"]}]},{\"@type\":\"BreadcrumbList\",\"@id\":\"https:\\\/\\\/cklcomunicaciones.es\\\/coop\\\/actualidad\\\/#breadcrumb\",\"itemListElement\":[{\"@type\":\"ListItem\",\"position\":1,\"name\":\"Portada\",\"item\":\"https:\\\/\\\/cklcomunicaciones.es\\\/coop\\\/\"},{\"@type\":\"ListItem\",\"position\":2,\"name\":\"Actualidad\"}]},{\"@type\":\"WebSite\",\"@id\":\"https:\\\/\\\/cklcomunicaciones.es\\\/coop\\\/#website\",\"url\":\"https:\\\/\\\/cklcomunicaciones.es\\\/coop\\\/\",\"name\":\"CKL Comunicaciones\",\"description\":\"Sitio web de CKL Comunicaciones coop , la consultora de comunicaci\u00f3n y estrategia\",\"potentialAction\":[{\"@type\":\"SearchAction\",\"target\":{\"@type\":\"EntryPoint\",\"urlTemplate\":\"https:\\\/\\\/cklcomunicaciones.es\\\/coop\\\/?s={search_term_string}\"},\"query-input\":{\"@type\":\"PropertyValueSpecification\",\"valueRequired\":true,\"valueName\":\"search_term_string\"}}],\"inLanguage\":\"es\"}]}<\/script>\n<!-- \/ Yoast SEO plugin. -->","yoast_head_json":{"title":"Actualidad - CKL Comunicaciones","robots":{"index":"index","follow":"follow","max-snippet":"max-snippet:-1","max-image-preview":"max-image-preview:large","max-video-preview":"max-video-preview:-1"},"canonical":"https:\/\/cklcomunicaciones.es\/coop\/actualidad\/","og_locale":"es_ES","og_type":"article","og_title":"Actualidad - CKL Comunicaciones","og_url":"https:\/\/cklcomunicaciones.es\/coop\/actualidad\/","og_site_name":"CKL Comunicaciones","article_modified_time":"2025-03-31T16:48:28+00:00","og_image":[{"width":1200,"height":676,"url":"https:\/\/cklcomunicaciones.es\/coop\/wp-content\/uploads\/2021\/04\/CKL-MiradaDistinta-newsletter2021_1200-x-675.jpg","type":"image\/jpeg"}],"twitter_card":"summary_large_image","twitter_misc":{"Tiempo de lectura":"1 minuto"},"schema":{"@context":"https:\/\/schema.org","@graph":[{"@type":"WebPage","@id":"https:\/\/cklcomunicaciones.es\/coop\/actualidad\/","url":"https:\/\/cklcomunicaciones.es\/coop\/actualidad\/","name":"Actualidad - CKL Comunicaciones","isPartOf":{"@id":"https:\/\/cklcomunicaciones.es\/coop\/#website"},"datePublished":"2017-11-11T13:11:58+00:00","dateModified":"2025-03-31T16:48:28+00:00","breadcrumb":{"@id":"https:\/\/cklcomunicaciones.es\/coop\/actualidad\/#breadcrumb"},"inLanguage":"es","potentialAction":[{"@type":"ReadAction","target":["https:\/\/cklcomunicaciones.es\/coop\/actualidad\/"]}]},{"@type":"BreadcrumbList","@id":"https:\/\/cklcomunicaciones.es\/coop\/actualidad\/#breadcrumb","itemListElement":[{"@type":"ListItem","position":1,"name":"Portada","item":"https:\/\/cklcomunicaciones.es\/coop\/"},{"@type":"ListItem","position":2,"name":"Actualidad"}]},{"@type":"WebSite","@id":"https:\/\/cklcomunicaciones.es\/coop\/#website","url":"https:\/\/cklcomunicaciones.es\/coop\/","name":"CKL Comunicaciones","description":"Sitio web de CKL Comunicaciones coop , la consultora de comunicaci\u00f3n y estrategia","potentialAction":[{"@type":"SearchAction","target":{"@type":"EntryPoint","urlTemplate":"https:\/\/cklcomunicaciones.es\/coop\/?s={search_term_string}"},"query-input":{"@type":"PropertyValueSpecification","valueRequired":true,"valueName":"search_term_string"}}],"inLanguage":"es"}]}},"_links":{"self":[{"href":"https:\/\/cklcomunicaciones.es\/coop\/wp-json\/wp\/v2\/pages\/12730","targetHints":{"allow":["GET"]}}],"collection":[{"href":"https:\/\/cklcomunicaciones.es\/coop\/wp-json\/wp\/v2\/pages"}],"about":[{"href":"https:\/\/cklcomunicaciones.es\/coop\/wp-json\/wp\/v2\/types\/page"}],"author":[{"embeddable":true,"href":"https:\/\/cklcomunicaciones.es\/coop\/wp-json\/wp\/v2\/users\/3"}],"replies":[{"embeddable":true,"href":"https:\/\/cklcomunicaciones.es\/coop\/wp-json\/wp\/v2\/comments?post=12730"}],"version-history":[{"count":0,"href":"https:\/\/cklcomunicaciones.es\/coop\/wp-json\/wp\/v2\/pages\/12730\/revisions"}],"wp:attachment":[{"href":"https:\/\/cklcomunicaciones.es\/coop\/wp-json\/wp\/v2\/media?parent=12730"}],"curies":[{"name":"wp","href":"https:\/\/api.w.org\/{rel}","templated":true}]}}