{"version":"1.0","provider_name":"CKL Comunicaciones","provider_url":"https:\/\/cklcomunicaciones.es\/coop","author_name":"ckl","author_url":"https:\/\/cklcomunicaciones.es\/coop\/author\/cklcomunicaciones\/","title":"Exposici\u00f3n de Fotograf\u00eda \"Personas, \u00bfMigrantes o refugiadas?","type":"rich","width":600,"height":338,"html":"<blockquote class=\"wp-embedded-content\" data-secret=\"UQk5At6ihP\"><a href=\"https:\/\/cklcomunicaciones.es\/coop\/exposicion-fotografia-personas-migrantes-refugiadas\/\">Exposici\u00f3n de Fotograf\u00eda \u00abPersonas, \u00bfMigrantes o refugiadas?\u00bb<\/a><\/blockquote><iframe sandbox=\"allow-scripts\" security=\"restricted\" src=\"https:\/\/cklcomunicaciones.es\/coop\/exposicion-fotografia-personas-migrantes-refugiadas\/embed\/#?secret=UQk5At6ihP\" width=\"600\" height=\"338\" title=\"\u00abExposici\u00f3n de Fotograf\u00eda \u00abPersonas, \u00bfMigrantes o refugiadas?\u00bb\u00bb \u2014 CKL Comunicaciones\" data-secret=\"UQk5At6ihP\" frameborder=\"0\" marginwidth=\"0\" marginheight=\"0\" scrolling=\"no\" class=\"wp-embedded-content\"><\/iframe><script type=\"text\/javascript\">\n\/* <![CDATA[ *\/\n\/*! This file is auto-generated *\/\n!function(d,l){\"use strict\";l.querySelector&&d.addEventListener&&\"undefined\"!=typeof URL&&(d.wp=d.wp||{},d.wp.receiveEmbedMessage||(d.wp.receiveEmbedMessage=function(e){var t=e.data;if((t||t.secret||t.message||t.value)&&!\/[^a-zA-Z0-9]\/.test(t.secret)){for(var s,r,n,a=l.querySelectorAll('iframe[data-secret=\"'+t.secret+'\"]'),o=l.querySelectorAll('blockquote[data-secret=\"'+t.secret+'\"]'),c=new RegExp(\"^https?:$\",\"i\"),i=0;i<o.length;i++)o[i].style.display=\"none\";for(i=0;i<a.length;i++)s=a[i],e.source===s.contentWindow&&(s.removeAttribute(\"style\"),\"height\"===t.message?(1e3<(r=parseInt(t.value,10))?r=1e3:~~r<200&&(r=200),s.height=r):\"link\"===t.message&&(r=new URL(s.getAttribute(\"src\")),n=new URL(t.value),c.test(n.protocol))&&n.host===r.host&&l.activeElement===s&&(d.top.location.href=t.value))}},d.addEventListener(\"message\",d.wp.receiveEmbedMessage,!1),l.addEventListener(\"DOMContentLoaded\",function(){for(var e,t,s=l.querySelectorAll(\"iframe.wp-embedded-content\"),r=0;r<s.length;r++)(t=(e=s[r]).getAttribute(\"data-secret\"))||(t=Math.random().toString(36).substring(2,12),e.src+=\"#?secret=\"+t,e.setAttribute(\"data-secret\",t)),e.contentWindow.postMessage({message:\"ready\",secret:t},\"*\")},!1)))}(window,document);\n\/\/# sourceURL=https:\/\/cklcomunicaciones.es\/coop\/wp-includes\/js\/wp-embed.min.js\n\/* ]]> *\/\n<\/script>\n","thumbnail_url":"https:\/\/cklcomunicaciones.es\/coop\/wp-content\/uploads\/2019\/04\/captura_expo-accp-cordoba.jpg","thumbnail_width":413,"thumbnail_height":423,"description":"Exposici\u00f3n de fotograf\u00eda \u201cPersonas \u00bfmigrantes o refugiadas? Huyendo de la violencia en Am\u00e9rica Central\u201d organizada por la ONGD Asamblea de Cooperaci\u00f3n Por la Paz Andaluc\u00eda (ACPP) con al apoyo del Ayuntamiento de C\u00f3rdoba a trav\u00e9s de la Delegaci\u00f3n de Cooperaci\u00f3n y Solidaridad y con la colaboraci\u00f3n de la Delegaci\u00f3n de Turismo y el Instituto Municipal de Turismo de C\u00f3rdoba (IMTUR)."}